{"id":2088,"date":"2013-01-24T15:37:44","date_gmt":"2013-01-24T13:37:44","guid":{"rendered":"http:\/\/gesundheitsberatung.com\/ernaehrung\/?page_id=2088"},"modified":"2021-07-07T21:36:42","modified_gmt":"2021-07-07T19:36:42","slug":"ernaehrung-magazin","status":"publish","type":"page","link":"https:\/\/gesundheitsberatung.com\/ernaehrung\/ernaehrung-magazin\/","title":{"rendered":"Ern\u00e4hrung-Magazin"},"content":{"rendered":"\n<style type=\"text\/css\" data-created_by=\"avia_inline_auto\" id=\"style-css-av-8ow6vc-3ee7ceeed708d8149c48706967c7da6f\">\n.avia-section.av-8ow6vc-3ee7ceeed708d8149c48706967c7da6f .av-parallax .av-parallax-inner{\nbackground-repeat:no-repeat;\nbackground-image:url(https:\/\/gesundheitsberatung.com\/ernaehrung\/wp-content\/uploads\/sites\/3\/magazin-ernaehrung-slider.jpg);\nbackground-position:0% 0%;\nbackground-attachment:scroll;\n}\n<\/style>\n<div id='av_section_1'  class='avia-section av-8ow6vc-3ee7ceeed708d8149c48706967c7da6f main_color avia-section-small avia-no-border-styling  avia-builder-el-0  el_before_av_one_full  avia-builder-el-first  av-small-hide av-mini-hide avia-full-contain av-parallax-section avia-bg-style-parallax av-minimum-height av-minimum-height-custom av-height-custom  container_wrap sidebar_right'  data-section-bg-repeat='contain' data-av_minimum_height_px='460'><div class='av-parallax' data-avia-parallax-ratio='0.3' ><div class='av-parallax-inner main_color avia-full-contain'><\/div><\/div><div class='container av-section-cont-open' style='height:460px'><main  role=\"main\" itemprop=\"mainContentOfPage\"  class='template-page content  av-content-small alpha units'><div class='post-entry post-entry-type-page post-entry-2088'><div class='entry-content-wrapper clearfix'><\/div><\/div><\/main><!-- close content main element --><\/div><\/div><div id='after_section_1'  class='main_color av_default_container_wrap container_wrap sidebar_right'  ><div class='container av-section-cont-open' ><div class='template-page content  av-content-small alpha units'><div class='post-entry post-entry-type-page post-entry-2088'><div class='entry-content-wrapper clearfix'>\n<div  class='flex_column av-7kni3c-7705f7ffb3424726b10f46c6aca338f7 av_one_full  avia-builder-el-1  el_after_av_section  avia-builder-el-no-sibling  first flex_column_div  '     ><p>\n<style type=\"text\/css\" data-created_by=\"avia_inline_auto\" id=\"style-css-av-340yso-61aac0997e59d130f7380ac5fa9ede89\">\n#top .av-special-heading.av-340yso-61aac0997e59d130f7380ac5fa9ede89{\npadding-bottom:0;\n}\nbody .av-special-heading.av-340yso-61aac0997e59d130f7380ac5fa9ede89 .av-special-heading-tag .heading-char{\nfont-size:25px;\n}\n.av-special-heading.av-340yso-61aac0997e59d130f7380ac5fa9ede89 .av-subheading{\nfont-size:16px;\n}\n<\/style>\n<div  class='av-special-heading av-340yso-61aac0997e59d130f7380ac5fa9ede89 av-special-heading-h1 blockquote modern-quote  avia-builder-el-2  el_before_av_hr  avia-builder-el-first '><h1 class='av-special-heading-tag'  itemprop=\"headline\"  >Ern\u00e4hrung Blog<\/h1><div class='av-subheading av-subheading_below'><p>Die neuesten Themen zur Ern\u00e4hrung, recherchiert von unserer Online Redaktion<\/p>\n<\/div><div class=\"special-heading-border\"><div class=\"special-heading-inner-border\"><\/div><\/div><\/div><br \/>\n<div  class='hr av-4g32qw-834439b920432d544f397fcb01af967f hr-default  avia-builder-el-3  el_after_av_heading  el_before_av_blog '><span class='hr-inner '><span class=\"hr-inner-style\"><\/span><\/span><\/div><br \/>\n<div  class='av-alb-blogposts template-blog  '  itemscope=\"itemscope\" itemtype=\"https:\/\/schema.org\/Blog\" ><article class='post-entry post-entry-type-standard post-entry-19046 post-loop-1 post-parity-odd single-big with-slider post-19046 post type-post status-publish format-standard has-post-thumbnail hentry category-news-storys tag-anorexie tag-anti-diaet-tag tag-bulimie tag-diet-breaker tag-mary-evans-young tag-schlankheitswahn'  itemscope=\"itemscope\" itemtype=\"https:\/\/schema.org\/BlogPosting\" ><div class='blog-meta'><\/div><div class='entry-content-wrapper clearfix standard-content'><header class=\"entry-content-header\"><div class=\"av-heading-wrapper\"><h2 class='post-title entry-title '  itemprop=\"headline\" ><a href=\"https:\/\/gesundheitsberatung.com\/ernaehrung\/news-storys\/heute-ist-internationaler-anti-diaet-tag\/\" rel=\"bookmark\" title=\"Permanenter Link zu: Heute ist internationaler Anti-Di\u00e4t-Tag\">Heute ist internationaler Anti-Di\u00e4t-Tag<span class=\"post-format-icon minor-meta\"><\/span><\/a><\/h2><span class=\"blog-categories minor-meta\"><a href=\"https:\/\/gesundheitsberatung.com\/ernaehrung\/magazin\/news-storys\/\" rel=\"tag\">News &amp; Storys<\/a> <\/span><\/div><\/header><span class=\"av-vertical-delimiter\"><\/span><div class=\"big-preview single-big\"><a href=\"https:\/\/gesundheitsberatung.com\/ernaehrung\/news-storys\/heute-ist-internationaler-anti-diaet-tag\/\" title=\"Heute ist internationaler Anti-Di\u00e4t-Tag\"><img decoding=\"async\" loading=\"lazy\" width=\"845\" height=\"321\" src=\"https:\/\/gesundheitsberatung.com\/ernaehrung\/wp-content\/uploads\/sites\/3\/am_6_mai_ist_anti_diaet_tag-845x321.jpg\" class=\"wp-image-19047 avia-img-lazy-loading-19047 attachment-entry_with_sidebar size-entry_with_sidebar wp-post-image\" alt=\"Heute ist internationaler Anti-Di\u00e4t-Tag\" \/><\/a><\/div><div class=\"entry-content\"  itemprop=\"text\" ><p>Um ein Zeichen gegen den allgegenw\u00e4rtigen Schlankheitswahn zu setzten wurde 1992 der Internationalen Anti-Di\u00e4t-Tag ins Leben gerufen und den feiern wir heute am 6. Mai. Was feiern wir beim Internationalen Anti-Di\u00e4t-Tag? Der Hintergrund ist traurig. Es geht um das Sch\u00f6nheitsideal unserer Zeit und die Gefahren wie u. a. Anorexie (Magersucht) und Bulimie (Ess-Brech-Sucht), die damit [&hellip;]<\/p>\n<div class=\"read-more-link\"><a href=\"https:\/\/gesundheitsberatung.com\/ernaehrung\/news-storys\/heute-ist-internationaler-anti-diaet-tag\/\" class=\"more-link\">Weiterlesen<span class=\"more-link-arrow\"><\/span><\/a><\/div>\n<\/div><span class='post-meta-infos'><time class='date-container minor-meta updated' >6. Mai 2020<\/time><span class='text-sep text-sep-date'>\/<\/span><span class=\"blog-author minor-meta\">von <span class=\"entry-author-link\" ><span class=\"vcard author\"><span class=\"fn\"><a href=\"https:\/\/gesundheitsberatung.com\/ernaehrung\/author\/patricia-depasquale\/\" title=\"Beitr\u00e4ge von Patricia-Pina de Pasquale-M\u00fcnz\" rel=\"author\">Patricia-Pina de Pasquale-M\u00fcnz<\/a><\/span><\/span><\/span><\/span><\/span><footer class=\"entry-footer\"><\/footer><div class='post_delimiter'><\/div><\/div><div class='post_author_timeline'><\/div><span class='hidden'>\n\t\t\t\t<span class='av-structured-data'  itemprop=\"image\" itemscope=\"itemscope\" itemtype=\"https:\/\/schema.org\/ImageObject\" >\n\t\t\t\t\t\t<span itemprop='url'>https:\/\/gesundheitsberatung.com\/ernaehrung\/wp-content\/uploads\/sites\/3\/am_6_mai_ist_anti_diaet_tag.jpg<\/span>\n\t\t\t\t\t\t<span itemprop='height'>700<\/span>\n\t\t\t\t\t\t<span itemprop='width'>1024<\/span>\n\t\t\t\t<\/span>\n\t\t\t\t<span class='av-structured-data'  itemprop=\"publisher\" itemtype=\"https:\/\/schema.org\/Organization\" itemscope=\"itemscope\" >\n\t\t\t\t\t\t<span itemprop='name'>Patricia-Pina de Pasquale-M\u00fcnz<\/span>\n\t\t\t\t\t\t<span itemprop='logo' itemscope itemtype='https:\/\/schema.org\/ImageObject'>\n\t\t\t\t\t\t\t<span itemprop='url'>https:\/\/gesundheitsberatung.com\/ernaehrung\/wp-content\/uploads\/sites\/3\/vistano-logo-ffffff.png<\/span>\n\t\t\t\t\t\t<\/span>\n\t\t\t\t<\/span><span class='av-structured-data'  itemprop=\"author\" itemscope=\"itemscope\" itemtype=\"https:\/\/schema.org\/Person\" ><span itemprop='name'>Patricia-Pina de Pasquale-M\u00fcnz<\/span><\/span><span class='av-structured-data'  itemprop=\"datePublished\" datetime=\"2020-05-06T15:43:27+02:00\" >2020-05-06 15:43:27<\/span><span class='av-structured-data'  itemprop=\"dateModified\" itemtype=\"https:\/\/schema.org\/dateModified\" >2023-06-03 20:19:59<\/span><span class='av-structured-data'  itemprop=\"mainEntityOfPage\" itemtype=\"https:\/\/schema.org\/mainEntityOfPage\" ><span itemprop='name'>Heute ist internationaler Anti-Di\u00e4t-Tag<\/span><\/span><\/span><\/article><article class='post-entry post-entry-type-standard post-entry-19041 post-loop-2 post-parity-even single-big with-slider post-19041 post type-post status-publish format-standard has-post-thumbnail hentry category-news-storys tag-blitze tag-hiroyuki-shimizu tag-pilze tag-pilzzucht tag-shiitake-pilze'  itemscope=\"itemscope\" itemtype=\"https:\/\/schema.org\/BlogPosting\" ><div class='blog-meta'><\/div><div class='entry-content-wrapper clearfix standard-content'><header class=\"entry-content-header\"><div class=\"av-heading-wrapper\"><h2 class='post-title entry-title '  itemprop=\"headline\" ><a href=\"https:\/\/gesundheitsberatung.com\/ernaehrung\/news-storys\/mehr-pilze-nach-blitzeinschlag\/\" rel=\"bookmark\" title=\"Permanenter Link zu: Mehr Pilze nach Blitzeinschlag\">Mehr Pilze nach Blitzeinschlag<span class=\"post-format-icon minor-meta\"><\/span><\/a><\/h2><span class=\"blog-categories minor-meta\"><a href=\"https:\/\/gesundheitsberatung.com\/ernaehrung\/magazin\/news-storys\/\" rel=\"tag\">News &amp; Storys<\/a> <\/span><\/div><\/header><span class=\"av-vertical-delimiter\"><\/span><div class=\"big-preview single-big\"><a href=\"https:\/\/gesundheitsberatung.com\/ernaehrung\/news-storys\/mehr-pilze-nach-blitzeinschlag\/\" title=\"Mehr Pilze nach Blitzeinschlag\"><img decoding=\"async\" loading=\"lazy\" width=\"845\" height=\"321\" src=\"https:\/\/gesundheitsberatung.com\/ernaehrung\/wp-content\/uploads\/sites\/3\/mehr_pilze_nach_blitzeinschlag-845x321.jpg\" class=\"wp-image-19042 avia-img-lazy-loading-19042 attachment-entry_with_sidebar size-entry_with_sidebar wp-post-image\" alt=\"Mehr Pilze nach Blitzeinschlag\" \/><\/a><\/div><div class=\"entry-content\"  itemprop=\"text\" ><p>Experten haben sich nun mit Hochspannung diesem pilzbesetzten und merkw\u00fcrdigen Thema gewidmet: Wie kommt es, dass Shiitake Pilze nach Blitzeinschl\u00e4gen besser wachsen, dies aber nichts mit Strom am Hut haben soll? Pilze lieben es scheinbar gef\u00e4hrlich Hiroyuki Shimizu vom Nippon Institute of Technology hat mit seinem Team ein Experiment gemacht: Er hat eine mit Pilzsporen [&hellip;]<\/p>\n<div class=\"read-more-link\"><a href=\"https:\/\/gesundheitsberatung.com\/ernaehrung\/news-storys\/mehr-pilze-nach-blitzeinschlag\/\" class=\"more-link\">Weiterlesen<span class=\"more-link-arrow\"><\/span><\/a><\/div>\n<\/div><span class='post-meta-infos'><time class='date-container minor-meta updated' >17. April 2020<\/time><span class='text-sep text-sep-date'>\/<\/span><span class=\"blog-author minor-meta\">von <span class=\"entry-author-link\" ><span class=\"vcard author\"><span class=\"fn\"><a href=\"https:\/\/gesundheitsberatung.com\/ernaehrung\/author\/patricia-depasquale\/\" title=\"Beitr\u00e4ge von Patricia-Pina de Pasquale-M\u00fcnz\" rel=\"author\">Patricia-Pina de Pasquale-M\u00fcnz<\/a><\/span><\/span><\/span><\/span><\/span><footer class=\"entry-footer\"><\/footer><div class='post_delimiter'><\/div><\/div><div class='post_author_timeline'><\/div><span class='hidden'>\n\t\t\t\t<span class='av-structured-data'  itemprop=\"image\" itemscope=\"itemscope\" itemtype=\"https:\/\/schema.org\/ImageObject\" >\n\t\t\t\t\t\t<span itemprop='url'>https:\/\/gesundheitsberatung.com\/ernaehrung\/wp-content\/uploads\/sites\/3\/mehr_pilze_nach_blitzeinschlag.jpg<\/span>\n\t\t\t\t\t\t<span itemprop='height'>700<\/span>\n\t\t\t\t\t\t<span itemprop='width'>1024<\/span>\n\t\t\t\t<\/span>\n\t\t\t\t<span class='av-structured-data'  itemprop=\"publisher\" itemtype=\"https:\/\/schema.org\/Organization\" itemscope=\"itemscope\" >\n\t\t\t\t\t\t<span itemprop='name'>Patricia-Pina de Pasquale-M\u00fcnz<\/span>\n\t\t\t\t\t\t<span itemprop='logo' itemscope itemtype='https:\/\/schema.org\/ImageObject'>\n\t\t\t\t\t\t\t<span itemprop='url'>https:\/\/gesundheitsberatung.com\/ernaehrung\/wp-content\/uploads\/sites\/3\/vistano-logo-ffffff.png<\/span>\n\t\t\t\t\t\t<\/span>\n\t\t\t\t<\/span><span class='av-structured-data'  itemprop=\"author\" itemscope=\"itemscope\" itemtype=\"https:\/\/schema.org\/Person\" ><span itemprop='name'>Patricia-Pina de Pasquale-M\u00fcnz<\/span><\/span><span class='av-structured-data'  itemprop=\"datePublished\" datetime=\"2020-04-17T14:47:45+02:00\" >2020-04-17 14:47:45<\/span><span class='av-structured-data'  itemprop=\"dateModified\" itemtype=\"https:\/\/schema.org\/dateModified\" >2023-06-03 20:20:00<\/span><span class='av-structured-data'  itemprop=\"mainEntityOfPage\" itemtype=\"https:\/\/schema.org\/mainEntityOfPage\" ><span itemprop='name'>Mehr Pilze nach Blitzeinschlag<\/span><\/span><\/span><\/article><article class='post-entry post-entry-type-standard post-entry-19028 post-loop-3 post-parity-odd single-big with-slider post-19028 post type-post status-publish format-standard has-post-thumbnail hentry category-krankheit-ernaehrung tag-carnosin tag-erkaeltung tag-ernaehrung-erkaeltung tag-vitamin-c tag-welche-vitamine-bei-erkaeltung'  itemscope=\"itemscope\" itemtype=\"https:\/\/schema.org\/BlogPosting\" ><div class='blog-meta'><\/div><div class='entry-content-wrapper clearfix standard-content'><header class=\"entry-content-header\"><div class=\"av-heading-wrapper\"><h2 class='post-title entry-title '  itemprop=\"headline\" ><a href=\"https:\/\/gesundheitsberatung.com\/ernaehrung\/krankheit-ernaehrung\/richtig-essen-bei-erkaeltung\/\" rel=\"bookmark\" title=\"Permanenter Link zu: Richtig essen bei Erk\u00e4ltung\">Richtig essen bei Erk\u00e4ltung<span class=\"post-format-icon minor-meta\"><\/span><\/a><\/h2><span class=\"blog-categories minor-meta\"><a href=\"https:\/\/gesundheitsberatung.com\/ernaehrung\/magazin\/krankheit-ernaehrung\/\" rel=\"tag\">Krankheit &amp; Ern\u00e4hrung<\/a> <\/span><\/div><\/header><span class=\"av-vertical-delimiter\"><\/span><div class=\"big-preview single-big\"><a href=\"https:\/\/gesundheitsberatung.com\/ernaehrung\/krankheit-ernaehrung\/richtig-essen-bei-erkaeltung\/\" title=\"Richtig essen bei Erk\u00e4ltung\"><img decoding=\"async\" loading=\"lazy\" width=\"845\" height=\"321\" src=\"https:\/\/gesundheitsberatung.com\/ernaehrung\/wp-content\/uploads\/sites\/3\/richtig_essen_bei_einer_erkaeltung-845x321.jpg\" class=\"wp-image-19029 avia-img-lazy-loading-19029 attachment-entry_with_sidebar size-entry_with_sidebar wp-post-image\" alt=\"Richtig essen bei Erk\u00e4ltung\" \/><\/a><\/div><div class=\"entry-content\"  itemprop=\"text\" ><p>Wir alle kennen die alten Hausmittelchen, die uns eine Erk\u00e4ltung erleichtern sollen, aber sind diese wirklich so hilfreich wie sie angepriesen werden? Mit diesem Thema haben sich Forscher nun besch\u00e4ftigt: Eine Erk\u00e4ltung ist und bleibt anstrengend und nervt\u00f6tend und Betroffene machen drei Kreuze, wenn diese \u00fcberstanden ist. Zwar k\u00f6nnen Medikamente die Symptome etwas lindern, schneller [&hellip;]<\/p>\n<div class=\"read-more-link\"><a href=\"https:\/\/gesundheitsberatung.com\/ernaehrung\/krankheit-ernaehrung\/richtig-essen-bei-erkaeltung\/\" class=\"more-link\">Weiterlesen<span class=\"more-link-arrow\"><\/span><\/a><\/div>\n<\/div><span class='post-meta-infos'><time class='date-container minor-meta updated' >10. M\u00e4rz 2020<\/time><span class='text-sep text-sep-date'>\/<\/span><span class=\"blog-author minor-meta\">von <span class=\"entry-author-link\" ><span class=\"vcard author\"><span class=\"fn\"><a href=\"https:\/\/gesundheitsberatung.com\/ernaehrung\/author\/patricia-depasquale\/\" title=\"Beitr\u00e4ge von Patricia-Pina de Pasquale-M\u00fcnz\" rel=\"author\">Patricia-Pina de Pasquale-M\u00fcnz<\/a><\/span><\/span><\/span><\/span><\/span><footer class=\"entry-footer\"><\/footer><div class='post_delimiter'><\/div><\/div><div class='post_author_timeline'><\/div><span class='hidden'>\n\t\t\t\t<span class='av-structured-data'  itemprop=\"image\" itemscope=\"itemscope\" itemtype=\"https:\/\/schema.org\/ImageObject\" >\n\t\t\t\t\t\t<span itemprop='url'>https:\/\/gesundheitsberatung.com\/ernaehrung\/wp-content\/uploads\/sites\/3\/richtig_essen_bei_einer_erkaeltung.jpg<\/span>\n\t\t\t\t\t\t<span itemprop='height'>700<\/span>\n\t\t\t\t\t\t<span itemprop='width'>1024<\/span>\n\t\t\t\t<\/span>\n\t\t\t\t<span class='av-structured-data'  itemprop=\"publisher\" itemtype=\"https:\/\/schema.org\/Organization\" itemscope=\"itemscope\" >\n\t\t\t\t\t\t<span itemprop='name'>Patricia-Pina de Pasquale-M\u00fcnz<\/span>\n\t\t\t\t\t\t<span itemprop='logo' itemscope itemtype='https:\/\/schema.org\/ImageObject'>\n\t\t\t\t\t\t\t<span itemprop='url'>https:\/\/gesundheitsberatung.com\/ernaehrung\/wp-content\/uploads\/sites\/3\/vistano-logo-ffffff.png<\/span>\n\t\t\t\t\t\t<\/span>\n\t\t\t\t<\/span><span class='av-structured-data'  itemprop=\"author\" itemscope=\"itemscope\" itemtype=\"https:\/\/schema.org\/Person\" ><span itemprop='name'>Patricia-Pina de Pasquale-M\u00fcnz<\/span><\/span><span class='av-structured-data'  itemprop=\"datePublished\" datetime=\"2020-03-10T15:16:04+01:00\" >2020-03-10 15:16:04<\/span><span class='av-structured-data'  itemprop=\"dateModified\" itemtype=\"https:\/\/schema.org\/dateModified\" >2023-06-03 20:20:01<\/span><span class='av-structured-data'  itemprop=\"mainEntityOfPage\" itemtype=\"https:\/\/schema.org\/mainEntityOfPage\" ><span itemprop='name'>Richtig essen bei Erk\u00e4ltung<\/span><\/span><\/span><\/article><article class='post-entry post-entry-type-standard post-entry-18983 post-loop-4 post-parity-even single-big with-slider post-18983 post type-post status-publish format-standard has-post-thumbnail hentry category-news-storys tag-akne-ernaehrung tag-pickel tag-pickel-und-ernaehrung tag-unreine-haut'  itemscope=\"itemscope\" itemtype=\"https:\/\/schema.org\/BlogPosting\" ><div class='blog-meta'><\/div><div class='entry-content-wrapper clearfix standard-content'><header class=\"entry-content-header\"><div class=\"av-heading-wrapper\"><h2 class='post-title entry-title '  itemprop=\"headline\" ><a href=\"https:\/\/gesundheitsberatung.com\/ernaehrung\/news-storys\/ernaehrung-und-pickel-hiermit-wirst-du-sie-los\/\" rel=\"bookmark\" title=\"Permanenter Link zu: Ern\u00e4hrung und Pickel: Hiermit wirst du sie los!\">Ern\u00e4hrung und Pickel: Hiermit wirst du sie los!<span class=\"post-format-icon minor-meta\"><\/span><\/a><\/h2><span class=\"blog-categories minor-meta\"><a href=\"https:\/\/gesundheitsberatung.com\/ernaehrung\/magazin\/news-storys\/\" rel=\"tag\">News &amp; Storys<\/a> <\/span><\/div><\/header><span class=\"av-vertical-delimiter\"><\/span><div class=\"big-preview single-big\"><a href=\"https:\/\/gesundheitsberatung.com\/ernaehrung\/news-storys\/ernaehrung-und-pickel-hiermit-wirst-du-sie-los\/\" title=\"Ern\u00e4hrung und Pickel: Hiermit wirst du sie los!\"><img decoding=\"async\" loading=\"lazy\" width=\"845\" height=\"321\" src=\"https:\/\/gesundheitsberatung.com\/ernaehrung\/wp-content\/uploads\/sites\/3\/ernaehrung_und_pickel_hiermit_wirst_du_sie_los-845x321.jpg\" class=\"wp-image-18991 avia-img-lazy-loading-18991 attachment-entry_with_sidebar size-entry_with_sidebar wp-post-image\" alt=\"Ern\u00e4hrung und Pickel: Hiermit wirst du sie los!\" \/><\/a><\/div><div class=\"entry-content\"  itemprop=\"text\" ><p>Es ist schon bekannt, dass es diverse Nahrungsmittel gibt, die nicht gut f\u00fcr die Haut sind. Durch Milchprodukte sch\u00fctte der K\u00f6rper mehr Insulin aus. Dadurch soll die Aknebildung beg\u00fcnstigt werden. Genauso gibt es aber auch Nahrungsmittel, die bei der L\u00f6sung des Pickelproblems helfen. In diese Gruppe h\u00f6ren Dinge, die reich an N\u00e4hrstoffen und unbehandelt sind. [&hellip;]<\/p>\n<div class=\"read-more-link\"><a href=\"https:\/\/gesundheitsberatung.com\/ernaehrung\/news-storys\/ernaehrung-und-pickel-hiermit-wirst-du-sie-los\/\" class=\"more-link\">Weiterlesen<span class=\"more-link-arrow\"><\/span><\/a><\/div>\n<\/div><span class='post-meta-infos'><time class='date-container minor-meta updated' >13. Februar 2020<\/time><span class='text-sep text-sep-date'>\/<\/span><span class=\"blog-author minor-meta\">von <span class=\"entry-author-link\" ><span class=\"vcard author\"><span class=\"fn\"><a href=\"https:\/\/gesundheitsberatung.com\/ernaehrung\/author\/patricia-depasquale\/\" title=\"Beitr\u00e4ge von Patricia-Pina de Pasquale-M\u00fcnz\" rel=\"author\">Patricia-Pina de Pasquale-M\u00fcnz<\/a><\/span><\/span><\/span><\/span><\/span><footer class=\"entry-footer\"><\/footer><div class='post_delimiter'><\/div><\/div><div class='post_author_timeline'><\/div><span class='hidden'>\n\t\t\t\t<span class='av-structured-data'  itemprop=\"image\" itemscope=\"itemscope\" itemtype=\"https:\/\/schema.org\/ImageObject\" >\n\t\t\t\t\t\t<span itemprop='url'>https:\/\/gesundheitsberatung.com\/ernaehrung\/wp-content\/uploads\/sites\/3\/ernaehrung_und_pickel_hiermit_wirst_du_sie_los.jpg<\/span>\n\t\t\t\t\t\t<span itemprop='height'>700<\/span>\n\t\t\t\t\t\t<span itemprop='width'>1024<\/span>\n\t\t\t\t<\/span>\n\t\t\t\t<span class='av-structured-data'  itemprop=\"publisher\" itemtype=\"https:\/\/schema.org\/Organization\" itemscope=\"itemscope\" >\n\t\t\t\t\t\t<span itemprop='name'>Patricia-Pina de Pasquale-M\u00fcnz<\/span>\n\t\t\t\t\t\t<span itemprop='logo' itemscope itemtype='https:\/\/schema.org\/ImageObject'>\n\t\t\t\t\t\t\t<span itemprop='url'>https:\/\/gesundheitsberatung.com\/ernaehrung\/wp-content\/uploads\/sites\/3\/vistano-logo-ffffff.png<\/span>\n\t\t\t\t\t\t<\/span>\n\t\t\t\t<\/span><span class='av-structured-data'  itemprop=\"author\" itemscope=\"itemscope\" itemtype=\"https:\/\/schema.org\/Person\" ><span itemprop='name'>Patricia-Pina de Pasquale-M\u00fcnz<\/span><\/span><span class='av-structured-data'  itemprop=\"datePublished\" datetime=\"2020-02-13T15:19:06+01:00\" >2020-02-13 15:19:06<\/span><span class='av-structured-data'  itemprop=\"dateModified\" itemtype=\"https:\/\/schema.org\/dateModified\" >2023-06-03 20:20:01<\/span><span class='av-structured-data'  itemprop=\"mainEntityOfPage\" itemtype=\"https:\/\/schema.org\/mainEntityOfPage\" ><span itemprop='name'>Ern\u00e4hrung und Pickel: Hiermit wirst du sie los!<\/span><\/span><\/span><\/article><article class='post-entry post-entry-type-standard post-entry-18984 post-loop-5 post-parity-odd single-big with-slider post-18984 post type-post status-publish format-standard has-post-thumbnail hentry category-naehrstoffe-mineralien tag-25-gramm-zucker tag-allulose tag-erythrit tag-stevia tag-zucker tag-zuckeralternativen'  itemscope=\"itemscope\" itemtype=\"https:\/\/schema.org\/BlogPosting\" ><div class='blog-meta'><\/div><div class='entry-content-wrapper clearfix standard-content'><header class=\"entry-content-header\"><div class=\"av-heading-wrapper\"><h2 class='post-title entry-title '  itemprop=\"headline\" ><a href=\"https:\/\/gesundheitsberatung.com\/ernaehrung\/naehrstoffe-mineralien\/who-empfiehlt-25-gramm-zucker-pro-tag\/\" rel=\"bookmark\" title=\"Permanenter Link zu: WHO empfiehlt: 25 Gramm Zucker pro Tag\">WHO empfiehlt: 25 Gramm Zucker pro Tag<span class=\"post-format-icon minor-meta\"><\/span><\/a><\/h2><span class=\"blog-categories minor-meta\"><a href=\"https:\/\/gesundheitsberatung.com\/ernaehrung\/magazin\/naehrstoffe-mineralien\/\" rel=\"tag\">N\u00e4hrstoffe &amp; Mineralien<\/a> <\/span><\/div><\/header><span class=\"av-vertical-delimiter\"><\/span><div class=\"big-preview single-big\"><a href=\"https:\/\/gesundheitsberatung.com\/ernaehrung\/naehrstoffe-mineralien\/who-empfiehlt-25-gramm-zucker-pro-tag\/\" title=\"WHO empfiehlt: 25 Gramm Zucker pro Tag\"><img decoding=\"async\" loading=\"lazy\" width=\"845\" height=\"321\" src=\"https:\/\/gesundheitsberatung.com\/ernaehrung\/wp-content\/uploads\/sites\/3\/who_empfielt_25_gramm_zucker_pro_tag-845x321.jpg\" class=\"wp-image-18994 avia-img-lazy-loading-18994 attachment-entry_with_sidebar size-entry_with_sidebar wp-post-image\" alt=\"WHO empfiehlt: 25 Gramm Zucker pro Tag\" \/><\/a><\/div><div class=\"entry-content\"  itemprop=\"text\" ><p>Die Nachteile des Verzehrs von Zucker sind allgemein bekannt. Im medizinischen Bereich ist das Risiko f\u00fcr Karies- und Diabetes zu nennen. Das ist nur ein kleiner Teil der Erkrankungen, die ein \u00fcberm\u00e4\u00dfiger Verzehr von Zucker mit sich bringt. Ansonsten ist es nat\u00fcrlich vorteilhaft f\u00fcr die Figur und Haut, wenn wir auf Zucker verzichten. Wer hin [&hellip;]<\/p>\n<div class=\"read-more-link\"><a href=\"https:\/\/gesundheitsberatung.com\/ernaehrung\/naehrstoffe-mineralien\/who-empfiehlt-25-gramm-zucker-pro-tag\/\" class=\"more-link\">Weiterlesen<span class=\"more-link-arrow\"><\/span><\/a><\/div>\n<\/div><span class='post-meta-infos'><time class='date-container minor-meta updated' >10. Februar 2020<\/time><span class='text-sep text-sep-date'>\/<\/span><span class=\"blog-author minor-meta\">von <span class=\"entry-author-link\" ><span class=\"vcard author\"><span class=\"fn\"><a href=\"https:\/\/gesundheitsberatung.com\/ernaehrung\/author\/patricia-depasquale\/\" title=\"Beitr\u00e4ge von Patricia-Pina de Pasquale-M\u00fcnz\" rel=\"author\">Patricia-Pina de Pasquale-M\u00fcnz<\/a><\/span><\/span><\/span><\/span><\/span><footer class=\"entry-footer\"><\/footer><div class='post_delimiter'><\/div><\/div><div class='post_author_timeline'><\/div><span class='hidden'>\n\t\t\t\t<span class='av-structured-data'  itemprop=\"image\" itemscope=\"itemscope\" itemtype=\"https:\/\/schema.org\/ImageObject\" >\n\t\t\t\t\t\t<span itemprop='url'>https:\/\/gesundheitsberatung.com\/ernaehrung\/wp-content\/uploads\/sites\/3\/who_empfielt_25_gramm_zucker_pro_tag.jpg<\/span>\n\t\t\t\t\t\t<span itemprop='height'>700<\/span>\n\t\t\t\t\t\t<span itemprop='width'>1024<\/span>\n\t\t\t\t<\/span>\n\t\t\t\t<span class='av-structured-data'  itemprop=\"publisher\" itemtype=\"https:\/\/schema.org\/Organization\" itemscope=\"itemscope\" >\n\t\t\t\t\t\t<span itemprop='name'>Patricia-Pina de Pasquale-M\u00fcnz<\/span>\n\t\t\t\t\t\t<span itemprop='logo' itemscope itemtype='https:\/\/schema.org\/ImageObject'>\n\t\t\t\t\t\t\t<span itemprop='url'>https:\/\/gesundheitsberatung.com\/ernaehrung\/wp-content\/uploads\/sites\/3\/vistano-logo-ffffff.png<\/span>\n\t\t\t\t\t\t<\/span>\n\t\t\t\t<\/span><span class='av-structured-data'  itemprop=\"author\" itemscope=\"itemscope\" itemtype=\"https:\/\/schema.org\/Person\" ><span itemprop='name'>Patricia-Pina de Pasquale-M\u00fcnz<\/span><\/span><span class='av-structured-data'  itemprop=\"datePublished\" datetime=\"2020-02-10T15:35:17+01:00\" >2020-02-10 15:35:17<\/span><span class='av-structured-data'  itemprop=\"dateModified\" itemtype=\"https:\/\/schema.org\/dateModified\" >2023-06-03 20:20:02<\/span><span class='av-structured-data'  itemprop=\"mainEntityOfPage\" itemtype=\"https:\/\/schema.org\/mainEntityOfPage\" ><span itemprop='name'>WHO empfiehlt: 25 Gramm Zucker pro Tag<\/span><\/span><\/span><\/article><article class='post-entry post-entry-type-standard post-entry-18982 post-loop-6 post-parity-even single-big with-slider post-18982 post type-post status-publish format-standard has-post-thumbnail hentry category-unvertraeglichkeiten category-wissenswertes tag-birkenzucker tag-suessungsalternativen tag-xucker tag-zucker tag-zuckeralkohol'  itemscope=\"itemscope\" itemtype=\"https:\/\/schema.org\/BlogPosting\" ><div class='blog-meta'><\/div><div class='entry-content-wrapper clearfix standard-content'><header class=\"entry-content-header\"><div class=\"av-heading-wrapper\"><h2 class='post-title entry-title '  itemprop=\"headline\" ><a href=\"https:\/\/gesundheitsberatung.com\/ernaehrung\/wissenswertes\/wie-gut-ist-birkenzucker\/\" rel=\"bookmark\" title=\"Permanenter Link zu: Wie gut ist Birkenzucker?\">Wie gut ist Birkenzucker?<span class=\"post-format-icon minor-meta\"><\/span><\/a><\/h2><span class=\"blog-categories minor-meta\"><a href=\"https:\/\/gesundheitsberatung.com\/ernaehrung\/magazin\/unvertraeglichkeiten\/\" rel=\"tag\">Unvertr\u00e4glichkeiten<\/a>, <a href=\"https:\/\/gesundheitsberatung.com\/ernaehrung\/magazin\/wissenswertes\/\" rel=\"tag\">Wissenswertes<\/a> <\/span><\/div><\/header><span class=\"av-vertical-delimiter\"><\/span><div class=\"big-preview single-big\"><a href=\"https:\/\/gesundheitsberatung.com\/ernaehrung\/wissenswertes\/wie-gut-ist-birkenzucker\/\" title=\"Wie gut ist Birkenzucker?\"><img decoding=\"async\" loading=\"lazy\" width=\"845\" height=\"321\" src=\"https:\/\/gesundheitsberatung.com\/ernaehrung\/wp-content\/uploads\/sites\/3\/wie_gut_ist_birkenzucker-845x321.jpg\" class=\"wp-image-18990 avia-img-lazy-loading-18990 attachment-entry_with_sidebar size-entry_with_sidebar wp-post-image\" alt=\"Wie gut ist Birkenzucker?\" \/><\/a><\/div><div class=\"entry-content\"  itemprop=\"text\" ><p>Birkenzucker gilt momentan als gesunde Alternative zum Zucker, ist aber auch deutlich teurer. Doch lohnt es sich wirklich, diesen Preis zu zahlen? Zucker ist heutzutage verteufelt und Zuckerersatzstoffe kommen immer mehr in Mode. Firgurbewusste Menschen ersetzen den Zucker beim Kochen und Backen. Birkenzucker, auch unter dem Namen \u201eXucker\u201c bekannt, liegt absolut im Trend. Haupts\u00e4chlich gewinnt [&hellip;]<\/p>\n<div class=\"read-more-link\"><a href=\"https:\/\/gesundheitsberatung.com\/ernaehrung\/wissenswertes\/wie-gut-ist-birkenzucker\/\" class=\"more-link\">Weiterlesen<span class=\"more-link-arrow\"><\/span><\/a><\/div>\n<\/div><span class='post-meta-infos'><time class='date-container minor-meta updated' >4. Februar 2020<\/time><span class='text-sep text-sep-date'>\/<\/span><span class=\"blog-author minor-meta\">von <span class=\"entry-author-link\" ><span class=\"vcard author\"><span class=\"fn\"><a href=\"https:\/\/gesundheitsberatung.com\/ernaehrung\/author\/patricia-depasquale\/\" title=\"Beitr\u00e4ge von Patricia-Pina de Pasquale-M\u00fcnz\" rel=\"author\">Patricia-Pina de Pasquale-M\u00fcnz<\/a><\/span><\/span><\/span><\/span><\/span><footer class=\"entry-footer\"><\/footer><div class='post_delimiter'><\/div><\/div><div class='post_author_timeline'><\/div><span class='hidden'>\n\t\t\t\t<span class='av-structured-data'  itemprop=\"image\" itemscope=\"itemscope\" itemtype=\"https:\/\/schema.org\/ImageObject\" >\n\t\t\t\t\t\t<span itemprop='url'>https:\/\/gesundheitsberatung.com\/ernaehrung\/wp-content\/uploads\/sites\/3\/wie_gut_ist_birkenzucker.jpg<\/span>\n\t\t\t\t\t\t<span itemprop='height'>700<\/span>\n\t\t\t\t\t\t<span itemprop='width'>1024<\/span>\n\t\t\t\t<\/span>\n\t\t\t\t<span class='av-structured-data'  itemprop=\"publisher\" itemtype=\"https:\/\/schema.org\/Organization\" itemscope=\"itemscope\" >\n\t\t\t\t\t\t<span itemprop='name'>Patricia-Pina de Pasquale-M\u00fcnz<\/span>\n\t\t\t\t\t\t<span itemprop='logo' itemscope itemtype='https:\/\/schema.org\/ImageObject'>\n\t\t\t\t\t\t\t<span itemprop='url'>https:\/\/gesundheitsberatung.com\/ernaehrung\/wp-content\/uploads\/sites\/3\/vistano-logo-ffffff.png<\/span>\n\t\t\t\t\t\t<\/span>\n\t\t\t\t<\/span><span class='av-structured-data'  itemprop=\"author\" itemscope=\"itemscope\" itemtype=\"https:\/\/schema.org\/Person\" ><span itemprop='name'>Patricia-Pina de Pasquale-M\u00fcnz<\/span><\/span><span class='av-structured-data'  itemprop=\"datePublished\" datetime=\"2020-02-04T14:05:06+01:00\" >2020-02-04 14:05:06<\/span><span class='av-structured-data'  itemprop=\"dateModified\" itemtype=\"https:\/\/schema.org\/dateModified\" >2023-06-03 20:20:03<\/span><span class='av-structured-data'  itemprop=\"mainEntityOfPage\" itemtype=\"https:\/\/schema.org\/mainEntityOfPage\" ><span itemprop='name'>Wie gut ist Birkenzucker?<\/span><\/span><\/span><\/article><article class='post-entry post-entry-type-standard post-entry-18979 post-loop-7 post-parity-odd single-big with-slider post-18979 post type-post status-publish format-standard has-post-thumbnail hentry category-news-storys category-vegetarisch-vegan tag-erbsenmilch tag-erbsenproteine tag-kuhmilch-alternative tag-milch tag-vegane-milch'  itemscope=\"itemscope\" itemtype=\"https:\/\/schema.org\/BlogPosting\" ><div class='blog-meta'><\/div><div class='entry-content-wrapper clearfix standard-content'><header class=\"entry-content-header\"><div class=\"av-heading-wrapper\"><h2 class='post-title entry-title '  itemprop=\"headline\" ><a href=\"https:\/\/gesundheitsberatung.com\/ernaehrung\/news-storys\/erbsenprotein-als-topalternative-zu-kuhmilch\/\" rel=\"bookmark\" title=\"Permanenter Link zu: Erbsenprotein als Topalternative zu Kuhmilch\">Erbsenprotein als Topalternative zu Kuhmilch<span class=\"post-format-icon minor-meta\"><\/span><\/a><\/h2><span class=\"blog-categories minor-meta\"><a href=\"https:\/\/gesundheitsberatung.com\/ernaehrung\/magazin\/news-storys\/\" rel=\"tag\">News &amp; Storys<\/a>, <a href=\"https:\/\/gesundheitsberatung.com\/ernaehrung\/magazin\/vegetarisch-vegan\/\" rel=\"tag\">Vegetarisch &amp; Vegan<\/a> <\/span><\/div><\/header><span class=\"av-vertical-delimiter\"><\/span><div class=\"big-preview single-big\"><a href=\"https:\/\/gesundheitsberatung.com\/ernaehrung\/news-storys\/erbsenprotein-als-topalternative-zu-kuhmilch\/\" title=\"Erbsenprotein als Topalternative zu Kuhmilch\"><img decoding=\"async\" loading=\"lazy\" width=\"845\" height=\"321\" src=\"https:\/\/gesundheitsberatung.com\/ernaehrung\/wp-content\/uploads\/sites\/3\/erbsenprotein_als_topalternative_zu_kuhmilch-845x321.jpg\" class=\"wp-image-18980 avia-img-lazy-loading-18980 attachment-entry_with_sidebar size-entry_with_sidebar wp-post-image\" alt=\"Erbsenprotein als Topalternative zu Kuhmilch\" \/><\/a><\/div><div class=\"entry-content\"  itemprop=\"text\" ><p>Milchersatz boomt! Biol\u00e4den k\u00f6nnen einen gesunden Umsatz f\u00fcr Produkte wie Hafer-, Mandel-, Reis- oder Kokosmilch verzeichnen. Aber auch in normalen Superm\u00e4rkten geh\u00f6ren diese Produkte inzwischen fest zum Sortiment. Nun kommt ein neues Produkt hinzu \u2013 die Erbsenmilch. Erbsenmilch ist ein veganes Produkt, das keinesfalls eine gr\u00fcne F\u00e4rbung ausweist, wie manch einer vielleicht erwartet und reich [&hellip;]<\/p>\n<div class=\"read-more-link\"><a href=\"https:\/\/gesundheitsberatung.com\/ernaehrung\/news-storys\/erbsenprotein-als-topalternative-zu-kuhmilch\/\" class=\"more-link\">Weiterlesen<span class=\"more-link-arrow\"><\/span><\/a><\/div>\n<\/div><span class='post-meta-infos'><time class='date-container minor-meta updated' >28. Januar 2020<\/time><span class='text-sep text-sep-date'>\/<\/span><span class=\"blog-author minor-meta\">von <span class=\"entry-author-link\" ><span class=\"vcard author\"><span class=\"fn\"><a href=\"https:\/\/gesundheitsberatung.com\/ernaehrung\/author\/patricia-depasquale\/\" title=\"Beitr\u00e4ge von Patricia-Pina de Pasquale-M\u00fcnz\" rel=\"author\">Patricia-Pina de Pasquale-M\u00fcnz<\/a><\/span><\/span><\/span><\/span><\/span><footer class=\"entry-footer\"><\/footer><div class='post_delimiter'><\/div><\/div><div class='post_author_timeline'><\/div><span class='hidden'>\n\t\t\t\t<span class='av-structured-data'  itemprop=\"image\" itemscope=\"itemscope\" itemtype=\"https:\/\/schema.org\/ImageObject\" >\n\t\t\t\t\t\t<span itemprop='url'>https:\/\/gesundheitsberatung.com\/ernaehrung\/wp-content\/uploads\/sites\/3\/erbsenprotein_als_topalternative_zu_kuhmilch.jpg<\/span>\n\t\t\t\t\t\t<span itemprop='height'>700<\/span>\n\t\t\t\t\t\t<span itemprop='width'>1024<\/span>\n\t\t\t\t<\/span>\n\t\t\t\t<span class='av-structured-data'  itemprop=\"publisher\" itemtype=\"https:\/\/schema.org\/Organization\" itemscope=\"itemscope\" >\n\t\t\t\t\t\t<span itemprop='name'>Patricia-Pina de Pasquale-M\u00fcnz<\/span>\n\t\t\t\t\t\t<span itemprop='logo' itemscope itemtype='https:\/\/schema.org\/ImageObject'>\n\t\t\t\t\t\t\t<span itemprop='url'>https:\/\/gesundheitsberatung.com\/ernaehrung\/wp-content\/uploads\/sites\/3\/vistano-logo-ffffff.png<\/span>\n\t\t\t\t\t\t<\/span>\n\t\t\t\t<\/span><span class='av-structured-data'  itemprop=\"author\" itemscope=\"itemscope\" itemtype=\"https:\/\/schema.org\/Person\" ><span itemprop='name'>Patricia-Pina de Pasquale-M\u00fcnz<\/span><\/span><span class='av-structured-data'  itemprop=\"datePublished\" datetime=\"2020-01-28T16:12:05+01:00\" >2020-01-28 16:12:05<\/span><span class='av-structured-data'  itemprop=\"dateModified\" itemtype=\"https:\/\/schema.org\/dateModified\" >2023-06-03 20:20:04<\/span><span class='av-structured-data'  itemprop=\"mainEntityOfPage\" itemtype=\"https:\/\/schema.org\/mainEntityOfPage\" ><span itemprop='name'>Erbsenprotein als Topalternative zu Kuhmilch<\/span><\/span><\/span><\/article><article class='post-entry post-entry-type-standard post-entry-18808 post-loop-8 post-parity-even single-big with-slider post-18808 post type-post status-publish format-standard has-post-thumbnail hentry category-gesund-gewicht-verlieren category-news-storys tag-abnehmen tag-diaeten tag-erbgutanalysen tag-gene tag-nutrigenomik'  itemscope=\"itemscope\" itemtype=\"https:\/\/schema.org\/BlogPosting\" ><div class='blog-meta'><\/div><div class='entry-content-wrapper clearfix standard-content'><header class=\"entry-content-header\"><div class=\"av-heading-wrapper\"><h2 class='post-title entry-title '  itemprop=\"headline\" ><a href=\"https:\/\/gesundheitsberatung.com\/ernaehrung\/news-storys\/nutrigenomik-welche-rolle-spielt-erbgut-bei-diaeten\/\" rel=\"bookmark\" title=\"Permanenter Link zu: Nutrigenomik: Welche Rolle spielt Erbgut bei Di\u00e4ten?\">Nutrigenomik: Welche Rolle spielt Erbgut bei Di\u00e4ten?<span class=\"post-format-icon minor-meta\"><\/span><\/a><\/h2><span class=\"blog-categories minor-meta\"><a href=\"https:\/\/gesundheitsberatung.com\/ernaehrung\/magazin\/gesund-gewicht-verlieren\/\" rel=\"tag\">Gesund Gewicht verlieren<\/a>, <a href=\"https:\/\/gesundheitsberatung.com\/ernaehrung\/magazin\/news-storys\/\" rel=\"tag\">News &amp; Storys<\/a> <\/span><\/div><\/header><span class=\"av-vertical-delimiter\"><\/span><div class=\"big-preview single-big\"><a href=\"https:\/\/gesundheitsberatung.com\/ernaehrung\/news-storys\/nutrigenomik-welche-rolle-spielt-erbgut-bei-diaeten\/\" title=\"Nutrigenomik: Welche Rolle spielt Erbgut bei Di\u00e4ten?\"><img decoding=\"async\" loading=\"lazy\" width=\"845\" height=\"321\" src=\"https:\/\/gesundheitsberatung.com\/ernaehrung\/wp-content\/uploads\/sites\/3\/nutrigenomik_welche_rolle_spielt_das_erbgut_bei_diaeten-845x321.jpg\" class=\"wp-image-18976 avia-img-lazy-loading-18976 attachment-entry_with_sidebar size-entry_with_sidebar wp-post-image\" alt=\"Nutrigenomik: Welche Rolle spielt Erbgut bei Di\u00e4ten?\" \/><\/a><\/div><div class=\"entry-content\"  itemprop=\"text\" ><p>In der sogenannten Nutrigenomik wird untersucht, wie die Gene und die Ern\u00e4hrung die Gesundheit beeinflussen. Diese Untersuchungen sollen genauere Ergebnisse als eine reine Erbgutanalyse allein darstellen. Die Genome von zwei Menschen sind zwar zu 99,9 Prozent gleich, sorgen allerdings zu Unterschieden bei der Anf\u00e4lligkeit f\u00fcr \u00dcbergewicht oder Diabetes. Nutrigenomik: Studien zu Erbgutanalysen sind umstritten Die [&hellip;]<\/p>\n<div class=\"read-more-link\"><a href=\"https:\/\/gesundheitsberatung.com\/ernaehrung\/news-storys\/nutrigenomik-welche-rolle-spielt-erbgut-bei-diaeten\/\" class=\"more-link\">Weiterlesen<span class=\"more-link-arrow\"><\/span><\/a><\/div>\n<\/div><span class='post-meta-infos'><time class='date-container minor-meta updated' >21. Januar 2020<\/time><span class='text-sep text-sep-date'>\/<\/span><span class=\"blog-author minor-meta\">von <span class=\"entry-author-link\" ><span class=\"vcard author\"><span class=\"fn\"><a href=\"https:\/\/gesundheitsberatung.com\/ernaehrung\/author\/patricia-depasquale\/\" title=\"Beitr\u00e4ge von Patricia-Pina de Pasquale-M\u00fcnz\" rel=\"author\">Patricia-Pina de Pasquale-M\u00fcnz<\/a><\/span><\/span><\/span><\/span><\/span><footer class=\"entry-footer\"><\/footer><div class='post_delimiter'><\/div><\/div><div class='post_author_timeline'><\/div><span class='hidden'>\n\t\t\t\t<span class='av-structured-data'  itemprop=\"image\" itemscope=\"itemscope\" itemtype=\"https:\/\/schema.org\/ImageObject\" >\n\t\t\t\t\t\t<span itemprop='url'>https:\/\/gesundheitsberatung.com\/ernaehrung\/wp-content\/uploads\/sites\/3\/nutrigenomik_welche_rolle_spielt_das_erbgut_bei_diaeten.jpg<\/span>\n\t\t\t\t\t\t<span itemprop='height'>700<\/span>\n\t\t\t\t\t\t<span itemprop='width'>1024<\/span>\n\t\t\t\t<\/span>\n\t\t\t\t<span class='av-structured-data'  itemprop=\"publisher\" itemtype=\"https:\/\/schema.org\/Organization\" itemscope=\"itemscope\" >\n\t\t\t\t\t\t<span itemprop='name'>Patricia-Pina de Pasquale-M\u00fcnz<\/span>\n\t\t\t\t\t\t<span itemprop='logo' itemscope itemtype='https:\/\/schema.org\/ImageObject'>\n\t\t\t\t\t\t\t<span itemprop='url'>https:\/\/gesundheitsberatung.com\/ernaehrung\/wp-content\/uploads\/sites\/3\/vistano-logo-ffffff.png<\/span>\n\t\t\t\t\t\t<\/span>\n\t\t\t\t<\/span><span class='av-structured-data'  itemprop=\"author\" itemscope=\"itemscope\" itemtype=\"https:\/\/schema.org\/Person\" ><span itemprop='name'>Patricia-Pina de Pasquale-M\u00fcnz<\/span><\/span><span class='av-structured-data'  itemprop=\"datePublished\" datetime=\"2020-01-21T15:48:07+01:00\" >2020-01-21 15:48:07<\/span><span class='av-structured-data'  itemprop=\"dateModified\" itemtype=\"https:\/\/schema.org\/dateModified\" >2023-06-03 20:20:04<\/span><span class='av-structured-data'  itemprop=\"mainEntityOfPage\" itemtype=\"https:\/\/schema.org\/mainEntityOfPage\" ><span itemprop='name'>Nutrigenomik: Welche Rolle spielt Erbgut bei Di\u00e4ten?<\/span><\/span><\/span><\/article><article class='post-entry post-entry-type-standard post-entry-18972 post-loop-9 post-parity-odd single-big with-slider post-18972 post type-post status-publish format-standard has-post-thumbnail hentry category-news-storys tag-candy-overdose tag-detox tag-suessigkeiten tag-zucker tag-zuckerkater'  itemscope=\"itemscope\" itemtype=\"https:\/\/schema.org\/BlogPosting\" ><div class='blog-meta'><\/div><div class='entry-content-wrapper clearfix standard-content'><header class=\"entry-content-header\"><div class=\"av-heading-wrapper\"><h2 class='post-title entry-title '  itemprop=\"headline\" ><a href=\"https:\/\/gesundheitsberatung.com\/ernaehrung\/news-storys\/candy-overdose-so-hilfst-du-deinem-koerper-danach\/\" rel=\"bookmark\" title=\"Permanenter Link zu: Candy-Overdose: So hilfst Du Deinem K\u00f6rper danach\">Candy-Overdose: So hilfst Du Deinem K\u00f6rper danach<span class=\"post-format-icon minor-meta\"><\/span><\/a><\/h2><span class=\"blog-categories minor-meta\"><a href=\"https:\/\/gesundheitsberatung.com\/ernaehrung\/magazin\/news-storys\/\" rel=\"tag\">News &amp; Storys<\/a> <\/span><\/div><\/header><span class=\"av-vertical-delimiter\"><\/span><div class=\"big-preview single-big\"><a href=\"https:\/\/gesundheitsberatung.com\/ernaehrung\/news-storys\/candy-overdose-so-hilfst-du-deinem-koerper-danach\/\" title=\"Candy-Overdose: So hilfst Du Deinem K\u00f6rper danach\"><img decoding=\"async\" loading=\"lazy\" width=\"845\" height=\"321\" src=\"https:\/\/gesundheitsberatung.com\/ernaehrung\/wp-content\/uploads\/sites\/3\/candyoverdose-845x321.jpg\" class=\"wp-image-18973 avia-img-lazy-loading-18973 attachment-entry_with_sidebar size-entry_with_sidebar wp-post-image\" alt=\"Candy-Overdose: So hilfst Du Deinem K\u00f6rper danach\" \/><\/a><\/div><div class=\"entry-content\"  itemprop=\"text\" ><p>Obwohl Zucker nicht besonders zutr\u00e4glich f\u00fcr die Gesundheit ist, lieben wir alle s\u00fc\u00dfe Naschereien. Der Mensch hat von Geburt an eine Vorliebe f\u00fcr S\u00fc\u00dfes. In Urzeiten war die Vorliebe \u00fcberlebenswichtig. Da s\u00fc\u00dfe Beeren und Fr\u00fcchte selten giftig waren, konnten sie recht bedenkenlos verspeist werden. Jetzt, nach der Weihnachtszeit, wird uns diese Vorliebe zum Verh\u00e4ngnis. Der [&hellip;]<\/p>\n<div class=\"read-more-link\"><a href=\"https:\/\/gesundheitsberatung.com\/ernaehrung\/news-storys\/candy-overdose-so-hilfst-du-deinem-koerper-danach\/\" class=\"more-link\">Weiterlesen<span class=\"more-link-arrow\"><\/span><\/a><\/div>\n<\/div><span class='post-meta-infos'><time class='date-container minor-meta updated' >20. Januar 2020<\/time><span class='text-sep text-sep-date'>\/<\/span><span class=\"blog-author minor-meta\">von <span class=\"entry-author-link\" ><span class=\"vcard author\"><span class=\"fn\"><a href=\"https:\/\/gesundheitsberatung.com\/ernaehrung\/author\/patricia-depasquale\/\" title=\"Beitr\u00e4ge von Patricia-Pina de Pasquale-M\u00fcnz\" rel=\"author\">Patricia-Pina de Pasquale-M\u00fcnz<\/a><\/span><\/span><\/span><\/span><\/span><footer class=\"entry-footer\"><\/footer><div class='post_delimiter'><\/div><\/div><div class='post_author_timeline'><\/div><span class='hidden'>\n\t\t\t\t<span class='av-structured-data'  itemprop=\"image\" itemscope=\"itemscope\" itemtype=\"https:\/\/schema.org\/ImageObject\" >\n\t\t\t\t\t\t<span itemprop='url'>https:\/\/gesundheitsberatung.com\/ernaehrung\/wp-content\/uploads\/sites\/3\/candyoverdose.jpg<\/span>\n\t\t\t\t\t\t<span itemprop='height'>700<\/span>\n\t\t\t\t\t\t<span itemprop='width'>1024<\/span>\n\t\t\t\t<\/span>\n\t\t\t\t<span class='av-structured-data'  itemprop=\"publisher\" itemtype=\"https:\/\/schema.org\/Organization\" itemscope=\"itemscope\" >\n\t\t\t\t\t\t<span itemprop='name'>Patricia-Pina de Pasquale-M\u00fcnz<\/span>\n\t\t\t\t\t\t<span itemprop='logo' itemscope itemtype='https:\/\/schema.org\/ImageObject'>\n\t\t\t\t\t\t\t<span itemprop='url'>https:\/\/gesundheitsberatung.com\/ernaehrung\/wp-content\/uploads\/sites\/3\/vistano-logo-ffffff.png<\/span>\n\t\t\t\t\t\t<\/span>\n\t\t\t\t<\/span><span class='av-structured-data'  itemprop=\"author\" itemscope=\"itemscope\" itemtype=\"https:\/\/schema.org\/Person\" ><span itemprop='name'>Patricia-Pina de Pasquale-M\u00fcnz<\/span><\/span><span class='av-structured-data'  itemprop=\"datePublished\" datetime=\"2020-01-20T16:28:35+01:00\" >2020-01-20 16:28:35<\/span><span class='av-structured-data'  itemprop=\"dateModified\" itemtype=\"https:\/\/schema.org\/dateModified\" >2023-06-03 20:20:05<\/span><span class='av-structured-data'  itemprop=\"mainEntityOfPage\" itemtype=\"https:\/\/schema.org\/mainEntityOfPage\" ><span itemprop='name'>Candy-Overdose: So hilfst Du Deinem K\u00f6rper danach<\/span><\/span><\/span><\/article><article class='post-entry post-entry-type-standard post-entry-18878 post-loop-10 post-parity-even single-big with-slider post-18878 post type-post status-publish format-standard has-post-thumbnail hentry category-news-storys tag-hafermilch tag-mandelmilch tag-pflanzendrinks tag-pflanzenmilch tag-sojamilch'  itemscope=\"itemscope\" itemtype=\"https:\/\/schema.org\/BlogPosting\" ><div class='blog-meta'><\/div><div class='entry-content-wrapper clearfix standard-content'><header class=\"entry-content-header\"><div class=\"av-heading-wrapper\"><h2 class='post-title entry-title '  itemprop=\"headline\" ><a href=\"https:\/\/gesundheitsberatung.com\/ernaehrung\/news-storys\/pflanzenmilch-hafermilch-hat-beste-oekobilanz\/\" rel=\"bookmark\" title=\"Permanenter Link zu: Pflanzenmilch: Hafermilch hat beste \u00d6kobilanz\">Pflanzenmilch: Hafermilch hat beste \u00d6kobilanz<span class=\"post-format-icon minor-meta\"><\/span><\/a><\/h2><span class=\"blog-categories minor-meta\"><a href=\"https:\/\/gesundheitsberatung.com\/ernaehrung\/magazin\/news-storys\/\" rel=\"tag\">News &amp; Storys<\/a> <\/span><\/div><\/header><span class=\"av-vertical-delimiter\"><\/span><div class=\"big-preview single-big\"><a href=\"https:\/\/gesundheitsberatung.com\/ernaehrung\/news-storys\/pflanzenmilch-hafermilch-hat-beste-oekobilanz\/\" title=\"Pflanzenmilch: Hafermilch hat beste \u00d6kobilanz\"><img decoding=\"async\" loading=\"lazy\" width=\"845\" height=\"321\" src=\"https:\/\/gesundheitsberatung.com\/ernaehrung\/wp-content\/uploads\/sites\/3\/pflanzenmilch_hafermilch_hat_beste_oekobilanz-845x321.jpg\" class=\"wp-image-18880 avia-img-lazy-loading-18880 attachment-entry_with_sidebar size-entry_with_sidebar wp-post-image\" alt=\"Pflanzenmilch: Hafermilch hat beste \u00d6kobilanz\" \/><\/a><\/div><div class=\"entry-content\"  itemprop=\"text\" ><p>Die Suche nach einer Alternative zu Kuhmilch war vor ca. f\u00fcnf Jahren noch eine H\u00fcrde. Wenn man sich eine Soja-Latte bestellte, wurde man komische angeschaut. Heutzutage gibt es viele Alternativen zu tierischen Produkten und sie sind viel beliebter als denn je. Das Trendforschungsinsitut der Lebensmittelindustrie \u201eInnova Market\u201c erkl\u00e4rte in seinem Report 2019, dass die Ern\u00e4hrung [&hellip;]<\/p>\n<div class=\"read-more-link\"><a href=\"https:\/\/gesundheitsberatung.com\/ernaehrung\/news-storys\/pflanzenmilch-hafermilch-hat-beste-oekobilanz\/\" class=\"more-link\">Weiterlesen<span class=\"more-link-arrow\"><\/span><\/a><\/div>\n<\/div><span class='post-meta-infos'><time class='date-container minor-meta updated' >13. Januar 2020<\/time><span class='text-sep text-sep-date'>\/<\/span><span class=\"blog-author minor-meta\">von <span class=\"entry-author-link\" ><span class=\"vcard author\"><span class=\"fn\"><a href=\"https:\/\/gesundheitsberatung.com\/ernaehrung\/author\/patricia-depasquale\/\" title=\"Beitr\u00e4ge von Patricia-Pina de Pasquale-M\u00fcnz\" rel=\"author\">Patricia-Pina de Pasquale-M\u00fcnz<\/a><\/span><\/span><\/span><\/span><\/span><footer class=\"entry-footer\"><\/footer><div class='post_delimiter'><\/div><\/div><div class='post_author_timeline'><\/div><span class='hidden'>\n\t\t\t\t<span class='av-structured-data'  itemprop=\"image\" itemscope=\"itemscope\" itemtype=\"https:\/\/schema.org\/ImageObject\" >\n\t\t\t\t\t\t<span itemprop='url'>https:\/\/gesundheitsberatung.com\/ernaehrung\/wp-content\/uploads\/sites\/3\/pflanzenmilch_hafermilch_hat_beste_oekobilanz.jpg<\/span>\n\t\t\t\t\t\t<span itemprop='height'>700<\/span>\n\t\t\t\t\t\t<span itemprop='width'>1024<\/span>\n\t\t\t\t<\/span>\n\t\t\t\t<span class='av-structured-data'  itemprop=\"publisher\" itemtype=\"https:\/\/schema.org\/Organization\" itemscope=\"itemscope\" >\n\t\t\t\t\t\t<span itemprop='name'>Patricia-Pina de Pasquale-M\u00fcnz<\/span>\n\t\t\t\t\t\t<span itemprop='logo' itemscope itemtype='https:\/\/schema.org\/ImageObject'>\n\t\t\t\t\t\t\t<span itemprop='url'>https:\/\/gesundheitsberatung.com\/ernaehrung\/wp-content\/uploads\/sites\/3\/vistano-logo-ffffff.png<\/span>\n\t\t\t\t\t\t<\/span>\n\t\t\t\t<\/span><span class='av-structured-data'  itemprop=\"author\" itemscope=\"itemscope\" itemtype=\"https:\/\/schema.org\/Person\" ><span itemprop='name'>Patricia-Pina de Pasquale-M\u00fcnz<\/span><\/span><span class='av-structured-data'  itemprop=\"datePublished\" datetime=\"2020-01-13T16:05:27+01:00\" >2020-01-13 16:05:27<\/span><span class='av-structured-data'  itemprop=\"dateModified\" itemtype=\"https:\/\/schema.org\/dateModified\" >2023-06-03 20:20:06<\/span><span class='av-structured-data'  itemprop=\"mainEntityOfPage\" itemtype=\"https:\/\/schema.org\/mainEntityOfPage\" ><span itemprop='name'>Pflanzenmilch: Hafermilch hat beste \u00d6kobilanz<\/span><\/span><\/span><\/article><article class='post-entry post-entry-type-standard post-entry-18872 post-loop-11 post-parity-odd single-big with-slider post-18872 post type-post status-publish format-standard has-post-thumbnail hentry category-news-storys category-sportlerernaehrung tag-aminosaeuren tag-intensives-training tag-leistungsfaehigkeit tag-muskelaufbau tag-sportlerernaehrung'  itemscope=\"itemscope\" itemtype=\"https:\/\/schema.org\/BlogPosting\" ><div class='blog-meta'><\/div><div class='entry-content-wrapper clearfix standard-content'><header class=\"entry-content-header\"><div class=\"av-heading-wrapper\"><h2 class='post-title entry-title '  itemprop=\"headline\" ><a href=\"https:\/\/gesundheitsberatung.com\/ernaehrung\/news-storys\/nach-dem-sport-brauchst-du-aminosaeuren\/\" rel=\"bookmark\" title=\"Permanenter Link zu: Nach dem Sport brauchst du Aminos\u00e4uren\">Nach dem Sport brauchst du Aminos\u00e4uren<span class=\"post-format-icon minor-meta\"><\/span><\/a><\/h2><span class=\"blog-categories minor-meta\"><a href=\"https:\/\/gesundheitsberatung.com\/ernaehrung\/magazin\/news-storys\/\" rel=\"tag\">News &amp; Storys<\/a>, <a href=\"https:\/\/gesundheitsberatung.com\/ernaehrung\/magazin\/sportlerernaehrung\/\" rel=\"tag\">Sportlerern\u00e4hrung<\/a> <\/span><\/div><\/header><span class=\"av-vertical-delimiter\"><\/span><div class=\"big-preview single-big\"><a href=\"https:\/\/gesundheitsberatung.com\/ernaehrung\/news-storys\/nach-dem-sport-brauchst-du-aminosaeuren\/\" title=\"Nach dem Sport brauchst du Aminos\u00e4uren\"><img decoding=\"async\" loading=\"lazy\" width=\"845\" height=\"321\" src=\"https:\/\/gesundheitsberatung.com\/ernaehrung\/wp-content\/uploads\/sites\/3\/nach_dem_sport_brauchst_du_aminosaeuren-845x321.jpg\" class=\"wp-image-18875 avia-img-lazy-loading-18875 attachment-entry_with_sidebar size-entry_with_sidebar wp-post-image\" alt=\"Nach dem Sport brauchst Du Aminos\u00e4uren\" \/><\/a><\/div><div class=\"entry-content\"  itemprop=\"text\" ><p>Nach einem intensiven Training ist unser K\u00f6per am Limit und gleichzeitig viel anf\u00e4lliger f\u00fcr Viren und Bakterien. Eine Regeneration mit Aminos\u00e4uren ist in diesem Fall perfekt. Aminos\u00e4uren sind lebensnotwendig f\u00fcr unseren Organismus. Aufgaben der Aminos\u00e4uren F\u00fcr die Bildung der Haare, der Haut und auch der Muskeln sind Aminos\u00e4uren zust\u00e4ndig. Unser K\u00f6rper ben\u00f6tigt diese jedoch auch [&hellip;]<\/p>\n<div class=\"read-more-link\"><a href=\"https:\/\/gesundheitsberatung.com\/ernaehrung\/news-storys\/nach-dem-sport-brauchst-du-aminosaeuren\/\" class=\"more-link\">Weiterlesen<span class=\"more-link-arrow\"><\/span><\/a><\/div>\n<\/div><span class='post-meta-infos'><time class='date-container minor-meta updated' >6. Januar 2020<\/time><span class='text-sep text-sep-date'>\/<\/span><span class=\"blog-author minor-meta\">von <span class=\"entry-author-link\" ><span class=\"vcard author\"><span class=\"fn\"><a href=\"https:\/\/gesundheitsberatung.com\/ernaehrung\/author\/patricia-depasquale\/\" title=\"Beitr\u00e4ge von Patricia-Pina de Pasquale-M\u00fcnz\" rel=\"author\">Patricia-Pina de Pasquale-M\u00fcnz<\/a><\/span><\/span><\/span><\/span><\/span><footer class=\"entry-footer\"><\/footer><div class='post_delimiter'><\/div><\/div><div class='post_author_timeline'><\/div><span class='hidden'>\n\t\t\t\t<span class='av-structured-data'  itemprop=\"image\" itemscope=\"itemscope\" itemtype=\"https:\/\/schema.org\/ImageObject\" >\n\t\t\t\t\t\t<span itemprop='url'>https:\/\/gesundheitsberatung.com\/ernaehrung\/wp-content\/uploads\/sites\/3\/nach_dem_sport_brauchst_du_aminosaeuren.jpg<\/span>\n\t\t\t\t\t\t<span itemprop='height'>700<\/span>\n\t\t\t\t\t\t<span itemprop='width'>1024<\/span>\n\t\t\t\t<\/span>\n\t\t\t\t<span class='av-structured-data'  itemprop=\"publisher\" itemtype=\"https:\/\/schema.org\/Organization\" itemscope=\"itemscope\" >\n\t\t\t\t\t\t<span itemprop='name'>Patricia-Pina de Pasquale-M\u00fcnz<\/span>\n\t\t\t\t\t\t<span itemprop='logo' itemscope itemtype='https:\/\/schema.org\/ImageObject'>\n\t\t\t\t\t\t\t<span itemprop='url'>https:\/\/gesundheitsberatung.com\/ernaehrung\/wp-content\/uploads\/sites\/3\/vistano-logo-ffffff.png<\/span>\n\t\t\t\t\t\t<\/span>\n\t\t\t\t<\/span><span class='av-structured-data'  itemprop=\"author\" itemscope=\"itemscope\" itemtype=\"https:\/\/schema.org\/Person\" ><span itemprop='name'>Patricia-Pina de Pasquale-M\u00fcnz<\/span><\/span><span class='av-structured-data'  itemprop=\"datePublished\" datetime=\"2020-01-06T16:23:31+01:00\" >2020-01-06 16:23:31<\/span><span class='av-structured-data'  itemprop=\"dateModified\" itemtype=\"https:\/\/schema.org\/dateModified\" >2023-06-03 20:20:06<\/span><span class='av-structured-data'  itemprop=\"mainEntityOfPage\" itemtype=\"https:\/\/schema.org\/mainEntityOfPage\" ><span itemprop='name'>Nach dem Sport brauchst du Aminos\u00e4uren<\/span><\/span><\/span><\/article><article class='post-entry post-entry-type-standard post-entry-18879 post-loop-12 post-parity-even single-big with-slider post-18879 post type-post status-publish format-standard has-post-thumbnail hentry category-news-storys tag-dinnerdate tag-freundschaft tag-gesellschaft tag-kochabend tag-schlemmen-in-gesellschaft'  itemscope=\"itemscope\" itemtype=\"https:\/\/schema.org\/BlogPosting\" ><div class='blog-meta'><\/div><div class='entry-content-wrapper clearfix standard-content'><header class=\"entry-content-header\"><div class=\"av-heading-wrapper\"><h2 class='post-title entry-title '  itemprop=\"headline\" ><a href=\"https:\/\/gesundheitsberatung.com\/ernaehrung\/news-storys\/in-gesellschaft-schlemmt-es-sich-besser\/\" rel=\"bookmark\" title=\"Permanenter Link zu: In Gesellschaft schlemmt es sich besser\">In Gesellschaft schlemmt es sich besser<span class=\"post-format-icon minor-meta\"><\/span><\/a><\/h2><span class=\"blog-categories minor-meta\"><a href=\"https:\/\/gesundheitsberatung.com\/ernaehrung\/magazin\/news-storys\/\" rel=\"tag\">News &amp; Storys<\/a> <\/span><\/div><\/header><span class=\"av-vertical-delimiter\"><\/span><div class=\"big-preview single-big\"><a href=\"https:\/\/gesundheitsberatung.com\/ernaehrung\/news-storys\/in-gesellschaft-schlemmt-es-sich-besser\/\" title=\"In Gesellschaft schlemmt es sich besser\"><img decoding=\"async\" loading=\"lazy\" width=\"845\" height=\"321\" src=\"https:\/\/gesundheitsberatung.com\/ernaehrung\/wp-content\/uploads\/sites\/3\/in_gesellschaft_schlemmt_es_sich_besser-845x321.jpg\" class=\"wp-image-18881 avia-img-lazy-loading-18881 attachment-entry_with_sidebar size-entry_with_sidebar wp-post-image\" alt=\"In Gesellschaft schlemmt es sich besser\" \/><\/a><\/div><div class=\"entry-content\"  itemprop=\"text\" ><p>Wer liebt es nicht. Ein Abend mit Freunden und gemeinsames Kochen und Schlemmen. Aber laut einer Studie essen wir mehr, wenn wir in Gesellschaft sind. Dies wird als soziale Aktivierung oder social facilitation bezeichnet. 40 Studien \u00fcber Ern\u00e4hrung wurden von einem Forscherteam ausgewertet. Sie haben festgestellt, dass wir in Gesellschaft rund 48 Prozent mehr essen, [&hellip;]<\/p>\n<div class=\"read-more-link\"><a href=\"https:\/\/gesundheitsberatung.com\/ernaehrung\/news-storys\/in-gesellschaft-schlemmt-es-sich-besser\/\" class=\"more-link\">Weiterlesen<span class=\"more-link-arrow\"><\/span><\/a><\/div>\n<\/div><span class='post-meta-infos'><time class='date-container minor-meta updated' >23. Dezember 2019<\/time><span class='text-sep text-sep-date'>\/<\/span><span class=\"blog-author minor-meta\">von <span class=\"entry-author-link\" ><span class=\"vcard author\"><span class=\"fn\"><a href=\"https:\/\/gesundheitsberatung.com\/ernaehrung\/author\/patricia-depasquale\/\" title=\"Beitr\u00e4ge von Patricia-Pina de Pasquale-M\u00fcnz\" rel=\"author\">Patricia-Pina de Pasquale-M\u00fcnz<\/a><\/span><\/span><\/span><\/span><\/span><footer class=\"entry-footer\"><\/footer><div class='post_delimiter'><\/div><\/div><div class='post_author_timeline'><\/div><span class='hidden'>\n\t\t\t\t<span class='av-structured-data'  itemprop=\"image\" itemscope=\"itemscope\" itemtype=\"https:\/\/schema.org\/ImageObject\" >\n\t\t\t\t\t\t<span itemprop='url'>https:\/\/gesundheitsberatung.com\/ernaehrung\/wp-content\/uploads\/sites\/3\/in_gesellschaft_schlemmt_es_sich_besser.jpg<\/span>\n\t\t\t\t\t\t<span itemprop='height'>700<\/span>\n\t\t\t\t\t\t<span itemprop='width'>1024<\/span>\n\t\t\t\t<\/span>\n\t\t\t\t<span class='av-structured-data'  itemprop=\"publisher\" itemtype=\"https:\/\/schema.org\/Organization\" itemscope=\"itemscope\" >\n\t\t\t\t\t\t<span itemprop='name'>Patricia-Pina de Pasquale-M\u00fcnz<\/span>\n\t\t\t\t\t\t<span itemprop='logo' itemscope itemtype='https:\/\/schema.org\/ImageObject'>\n\t\t\t\t\t\t\t<span itemprop='url'>https:\/\/gesundheitsberatung.com\/ernaehrung\/wp-content\/uploads\/sites\/3\/vistano-logo-ffffff.png<\/span>\n\t\t\t\t\t\t<\/span>\n\t\t\t\t<\/span><span class='av-structured-data'  itemprop=\"author\" itemscope=\"itemscope\" itemtype=\"https:\/\/schema.org\/Person\" ><span itemprop='name'>Patricia-Pina de Pasquale-M\u00fcnz<\/span><\/span><span class='av-structured-data'  itemprop=\"datePublished\" datetime=\"2019-12-23T12:01:15+01:00\" >2019-12-23 12:01:15<\/span><span class='av-structured-data'  itemprop=\"dateModified\" itemtype=\"https:\/\/schema.org\/dateModified\" >2023-06-03 20:20:07<\/span><span class='av-structured-data'  itemprop=\"mainEntityOfPage\" itemtype=\"https:\/\/schema.org\/mainEntityOfPage\" ><span itemprop='name'>In Gesellschaft schlemmt es sich besser<\/span><\/span><\/span><\/article><article class='post-entry post-entry-type-standard post-entry-18873 post-loop-13 post-parity-odd single-big with-slider post-18873 post type-post status-publish format-standard has-post-thumbnail hentry category-news-storys'  itemscope=\"itemscope\" itemtype=\"https:\/\/schema.org\/BlogPosting\" ><div class='blog-meta'><\/div><div class='entry-content-wrapper clearfix standard-content'><header class=\"entry-content-header\"><div class=\"av-heading-wrapper\"><h2 class='post-title entry-title '  itemprop=\"headline\" ><a href=\"https:\/\/gesundheitsberatung.com\/ernaehrung\/news-storys\/mit-der-richtigen-ernaehrung-entzuendungen-lindern\/\" rel=\"bookmark\" title=\"Permanenter Link zu: Mit der richtigen Ern\u00e4hrung Entz\u00fcndungen lindern\">Mit der richtigen Ern\u00e4hrung Entz\u00fcndungen lindern<span class=\"post-format-icon minor-meta\"><\/span><\/a><\/h2><span class=\"blog-categories minor-meta\"><a href=\"https:\/\/gesundheitsberatung.com\/ernaehrung\/magazin\/news-storys\/\" rel=\"tag\">News &amp; Storys<\/a> <\/span><\/div><\/header><span class=\"av-vertical-delimiter\"><\/span><div class=\"big-preview single-big\"><a href=\"https:\/\/gesundheitsberatung.com\/ernaehrung\/news-storys\/mit-der-richtigen-ernaehrung-entzuendungen-lindern\/\" title=\"Mit der richtigen Ern\u00e4hrung Entz\u00fcndungen lindern\"><img decoding=\"async\" loading=\"lazy\" width=\"845\" height=\"321\" src=\"https:\/\/gesundheitsberatung.com\/ernaehrung\/wp-content\/uploads\/sites\/3\/mit_der_richtigen_ernaehrung_entzuendungen_lindern-845x321.jpg\" class=\"wp-image-18874 avia-img-lazy-loading-18874 attachment-entry_with_sidebar size-entry_with_sidebar wp-post-image\" alt=\"Mit der richtigen Ern\u00e4hrung Entz\u00fcndungen lindern\" \/><\/a><\/div><div class=\"entry-content\"  itemprop=\"text\" ><p>Das Jeder kennt Entz\u00fcndungen &#8211; ger\u00f6tete Stellen und Schmerzen oder Abgeschlagenheit. Entz\u00fcndungen im Hals oder in den Gelenken, in jedem Fall ein oft langwieriger Prozess. Ebenso enden fast alle der bekannten 80 Autoimmunkrankheiten in einer chronischen Entz\u00fcndung. Und viele Punkte spielen eine gro\u00dfe Rolle beim Entstehen einer Entz\u00fcndung. Jedoch kann man gegen die sie ank\u00e4mpfen [&hellip;]<\/p>\n<div class=\"read-more-link\"><a href=\"https:\/\/gesundheitsberatung.com\/ernaehrung\/news-storys\/mit-der-richtigen-ernaehrung-entzuendungen-lindern\/\" class=\"more-link\">Weiterlesen<span class=\"more-link-arrow\"><\/span><\/a><\/div>\n<\/div><span class='post-meta-infos'><time class='date-container minor-meta updated' >19. Dezember 2019<\/time><span class='text-sep text-sep-date'>\/<\/span><span class=\"blog-author minor-meta\">von <span class=\"entry-author-link\" ><span class=\"vcard author\"><span class=\"fn\"><a href=\"https:\/\/gesundheitsberatung.com\/ernaehrung\/author\/patricia-depasquale\/\" title=\"Beitr\u00e4ge von Patricia-Pina de Pasquale-M\u00fcnz\" rel=\"author\">Patricia-Pina de Pasquale-M\u00fcnz<\/a><\/span><\/span><\/span><\/span><\/span><footer class=\"entry-footer\"><\/footer><div class='post_delimiter'><\/div><\/div><div class='post_author_timeline'><\/div><span class='hidden'>\n\t\t\t\t<span class='av-structured-data'  itemprop=\"image\" itemscope=\"itemscope\" itemtype=\"https:\/\/schema.org\/ImageObject\" >\n\t\t\t\t\t\t<span itemprop='url'>https:\/\/gesundheitsberatung.com\/ernaehrung\/wp-content\/uploads\/sites\/3\/mit_der_richtigen_ernaehrung_entzuendungen_lindern.jpg<\/span>\n\t\t\t\t\t\t<span itemprop='height'>700<\/span>\n\t\t\t\t\t\t<span itemprop='width'>1024<\/span>\n\t\t\t\t<\/span>\n\t\t\t\t<span class='av-structured-data'  itemprop=\"publisher\" itemtype=\"https:\/\/schema.org\/Organization\" itemscope=\"itemscope\" >\n\t\t\t\t\t\t<span itemprop='name'>Patricia-Pina de Pasquale-M\u00fcnz<\/span>\n\t\t\t\t\t\t<span itemprop='logo' itemscope itemtype='https:\/\/schema.org\/ImageObject'>\n\t\t\t\t\t\t\t<span itemprop='url'>https:\/\/gesundheitsberatung.com\/ernaehrung\/wp-content\/uploads\/sites\/3\/vistano-logo-ffffff.png<\/span>\n\t\t\t\t\t\t<\/span>\n\t\t\t\t<\/span><span class='av-structured-data'  itemprop=\"author\" itemscope=\"itemscope\" itemtype=\"https:\/\/schema.org\/Person\" ><span itemprop='name'>Patricia-Pina de Pasquale-M\u00fcnz<\/span><\/span><span class='av-structured-data'  itemprop=\"datePublished\" datetime=\"2019-12-19T16:16:46+01:00\" >2019-12-19 16:16:46<\/span><span class='av-structured-data'  itemprop=\"dateModified\" itemtype=\"https:\/\/schema.org\/dateModified\" >2023-06-03 20:20:08<\/span><span class='av-structured-data'  itemprop=\"mainEntityOfPage\" itemtype=\"https:\/\/schema.org\/mainEntityOfPage\" ><span itemprop='name'>Mit der richtigen Ern\u00e4hrung Entz\u00fcndungen lindern<\/span><\/span><\/span><\/article><article class='post-entry post-entry-type-standard post-entry-18932 post-loop-14 post-parity-even single-big with-slider post-18932 post type-post status-publish format-standard has-post-thumbnail hentry category-gesund-gewicht-verlieren tag-abnehmen tag-diaeten tag-reuloses-schlemmen tag-schlemmen tag-weihnachtspfunde'  itemscope=\"itemscope\" itemtype=\"https:\/\/schema.org\/BlogPosting\" ><div class='blog-meta'><\/div><div class='entry-content-wrapper clearfix standard-content'><header class=\"entry-content-header\"><div class=\"av-heading-wrapper\"><h2 class='post-title entry-title '  itemprop=\"headline\" ><a href=\"https:\/\/gesundheitsberatung.com\/ernaehrung\/gesund-gewicht-verlieren\/reueloses-schlemmen-geht-das\/\" rel=\"bookmark\" title=\"Permanenter Link zu: Reueloses Schlemmen: Geht das?\">Reueloses Schlemmen: Geht das?<span class=\"post-format-icon minor-meta\"><\/span><\/a><\/h2><span class=\"blog-categories minor-meta\"><a href=\"https:\/\/gesundheitsberatung.com\/ernaehrung\/magazin\/gesund-gewicht-verlieren\/\" rel=\"tag\">Gesund Gewicht verlieren<\/a> <\/span><\/div><\/header><span class=\"av-vertical-delimiter\"><\/span><div class=\"big-preview single-big\"><a href=\"https:\/\/gesundheitsberatung.com\/ernaehrung\/gesund-gewicht-verlieren\/reueloses-schlemmen-geht-das\/\" title=\"Reueloses Schlemmen: Geht das?\"><img decoding=\"async\" loading=\"lazy\" width=\"845\" height=\"321\" src=\"https:\/\/gesundheitsberatung.com\/ernaehrung\/wp-content\/uploads\/sites\/3\/reueloses_schlemmen_geht_das-845x321.jpg\" class=\"wp-image-18933 avia-img-lazy-loading-18933 attachment-entry_with_sidebar size-entry_with_sidebar wp-post-image\" alt=\"Reueloses Schlemmen: Geht das?\" \/><\/a><\/div><div class=\"entry-content\"  itemprop=\"text\" ><p>Wie sch\u00f6n w\u00e4re das: reueloses Schlemmen an Weihnachten! Hier ein paar Pl\u00e4tzchen, dort ein St\u00fcck Braten und im Handumdrehen zeigt die Waage einige Kilo mehr an. Aber es gibt einige kleine Tricks mit gro\u00dfer Wirkung, durch die wir den Weihnachtsspeck vermeiden k\u00f6nnen. Reueloses Schlemmen mit der Wage als Hilfsmittel Ern\u00e4hrungsprofi Wolf-Anno Bischoff von der Universit\u00e4t [&hellip;]<\/p>\n<div class=\"read-more-link\"><a href=\"https:\/\/gesundheitsberatung.com\/ernaehrung\/gesund-gewicht-verlieren\/reueloses-schlemmen-geht-das\/\" class=\"more-link\">Weiterlesen<span class=\"more-link-arrow\"><\/span><\/a><\/div>\n<\/div><span class='post-meta-infos'><time class='date-container minor-meta updated' >9. Dezember 2019<\/time><span class='text-sep text-sep-date'>\/<\/span><span class=\"blog-author minor-meta\">von <span class=\"entry-author-link\" ><span class=\"vcard author\"><span class=\"fn\"><a href=\"https:\/\/gesundheitsberatung.com\/ernaehrung\/author\/patricia-depasquale\/\" title=\"Beitr\u00e4ge von Patricia-Pina de Pasquale-M\u00fcnz\" rel=\"author\">Patricia-Pina de Pasquale-M\u00fcnz<\/a><\/span><\/span><\/span><\/span><\/span><footer class=\"entry-footer\"><\/footer><div class='post_delimiter'><\/div><\/div><div class='post_author_timeline'><\/div><span class='hidden'>\n\t\t\t\t<span class='av-structured-data'  itemprop=\"image\" itemscope=\"itemscope\" itemtype=\"https:\/\/schema.org\/ImageObject\" >\n\t\t\t\t\t\t<span itemprop='url'>https:\/\/gesundheitsberatung.com\/ernaehrung\/wp-content\/uploads\/sites\/3\/reueloses_schlemmen_geht_das.jpg<\/span>\n\t\t\t\t\t\t<span itemprop='height'>700<\/span>\n\t\t\t\t\t\t<span itemprop='width'>1024<\/span>\n\t\t\t\t<\/span>\n\t\t\t\t<span class='av-structured-data'  itemprop=\"publisher\" itemtype=\"https:\/\/schema.org\/Organization\" itemscope=\"itemscope\" >\n\t\t\t\t\t\t<span itemprop='name'>Patricia-Pina de Pasquale-M\u00fcnz<\/span>\n\t\t\t\t\t\t<span itemprop='logo' itemscope itemtype='https:\/\/schema.org\/ImageObject'>\n\t\t\t\t\t\t\t<span itemprop='url'>https:\/\/gesundheitsberatung.com\/ernaehrung\/wp-content\/uploads\/sites\/3\/vistano-logo-ffffff.png<\/span>\n\t\t\t\t\t\t<\/span>\n\t\t\t\t<\/span><span class='av-structured-data'  itemprop=\"author\" itemscope=\"itemscope\" itemtype=\"https:\/\/schema.org\/Person\" ><span itemprop='name'>Patricia-Pina de Pasquale-M\u00fcnz<\/span><\/span><span class='av-structured-data'  itemprop=\"datePublished\" datetime=\"2019-12-09T15:20:06+01:00\" >2019-12-09 15:20:06<\/span><span class='av-structured-data'  itemprop=\"dateModified\" itemtype=\"https:\/\/schema.org\/dateModified\" >2023-06-03 20:20:08<\/span><span class='av-structured-data'  itemprop=\"mainEntityOfPage\" itemtype=\"https:\/\/schema.org\/mainEntityOfPage\" ><span itemprop='name'>Reueloses Schlemmen: Geht das?<\/span><\/span><\/span><\/article><article class='post-entry post-entry-type-standard post-entry-18877 post-loop-15 post-parity-odd single-big with-slider post-18877 post type-post status-publish format-standard has-post-thumbnail hentry category-der-heimische-garten tag-apfel tag-zuckergehalt-obst tag-zuckergehalt-saure-aepfel tag-zuckergehalt-suesse-aepfel'  itemscope=\"itemscope\" itemtype=\"https:\/\/schema.org\/BlogPosting\" ><div class='blog-meta'><\/div><div class='entry-content-wrapper clearfix standard-content'><header class=\"entry-content-header\"><div class=\"av-heading-wrapper\"><h2 class='post-title entry-title '  itemprop=\"headline\" ><a href=\"https:\/\/gesundheitsberatung.com\/ernaehrung\/der-heimische-garten\/suess-oder-sauer-welcher-apfel-ist-gesuender\/\" rel=\"bookmark\" title=\"Permanenter Link zu: S\u00fc\u00df oder Sauer: Welcher Apfel ist ges\u00fcnder?\">S\u00fc\u00df oder Sauer: Welcher Apfel ist ges\u00fcnder?<span class=\"post-format-icon minor-meta\"><\/span><\/a><\/h2><span class=\"blog-categories minor-meta\"><a href=\"https:\/\/gesundheitsberatung.com\/ernaehrung\/magazin\/der-heimische-garten\/\" rel=\"tag\">Der heimische Garten<\/a> <\/span><\/div><\/header><span class=\"av-vertical-delimiter\"><\/span><div class=\"big-preview single-big\"><a href=\"https:\/\/gesundheitsberatung.com\/ernaehrung\/der-heimische-garten\/suess-oder-sauer-welcher-apfel-ist-gesuender\/\" title=\"S\u00fc\u00df oder Sauer: Welcher Apfel ist ges\u00fcnder?\"><img decoding=\"async\" loading=\"lazy\" width=\"845\" height=\"321\" src=\"https:\/\/gesundheitsberatung.com\/ernaehrung\/wp-content\/uploads\/sites\/3\/suess_oder_sauer_welcher_apfel_ist_gesuender-845x321.jpg\" class=\"wp-image-18882 avia-img-lazy-loading-18882 attachment-entry_with_sidebar size-entry_with_sidebar wp-post-image\" alt=\"S\u00fc\u00df oder Sauer: Welcher Apfel ist ges\u00fcnder?\" \/><\/a><\/div><div class=\"entry-content\"  itemprop=\"text\" ><p>Bei \u00c4pfeln Kalorien z\u00e4hlen? Das machen wohl noch nicht einmal ern\u00e4hrungsbewusste Menschen. \u00c4pfel gelten als \u201egesundes Fast Food\u201c. Sie bestehen aus \u00fcber 80 Prozent aus Wasser, enthalten Vitamine und Ballaststoffe und haben kaum Kalorien. Ein Apfel von ca. 150 Gramm hat durchschnittlich etwa 80 Kalorien. Also kein Grund, auf \u00c4pfel zu verzichten. Reift der Apfel, [&hellip;]<\/p>\n<div class=\"read-more-link\"><a href=\"https:\/\/gesundheitsberatung.com\/ernaehrung\/der-heimische-garten\/suess-oder-sauer-welcher-apfel-ist-gesuender\/\" class=\"more-link\">Weiterlesen<span class=\"more-link-arrow\"><\/span><\/a><\/div>\n<\/div><span class='post-meta-infos'><time class='date-container minor-meta updated' >20. November 2019<\/time><span class='text-sep text-sep-date'>\/<\/span><span class=\"blog-author minor-meta\">von <span class=\"entry-author-link\" ><span class=\"vcard author\"><span class=\"fn\"><a href=\"https:\/\/gesundheitsberatung.com\/ernaehrung\/author\/patricia-depasquale\/\" title=\"Beitr\u00e4ge von Patricia-Pina de Pasquale-M\u00fcnz\" rel=\"author\">Patricia-Pina de Pasquale-M\u00fcnz<\/a><\/span><\/span><\/span><\/span><\/span><footer class=\"entry-footer\"><\/footer><div class='post_delimiter'><\/div><\/div><div class='post_author_timeline'><\/div><span class='hidden'>\n\t\t\t\t<span class='av-structured-data'  itemprop=\"image\" itemscope=\"itemscope\" itemtype=\"https:\/\/schema.org\/ImageObject\" >\n\t\t\t\t\t\t<span itemprop='url'>https:\/\/gesundheitsberatung.com\/ernaehrung\/wp-content\/uploads\/sites\/3\/suess_oder_sauer_welcher_apfel_ist_gesuender.jpg<\/span>\n\t\t\t\t\t\t<span itemprop='height'>700<\/span>\n\t\t\t\t\t\t<span itemprop='width'>1024<\/span>\n\t\t\t\t<\/span>\n\t\t\t\t<span class='av-structured-data'  itemprop=\"publisher\" itemtype=\"https:\/\/schema.org\/Organization\" itemscope=\"itemscope\" >\n\t\t\t\t\t\t<span itemprop='name'>Patricia-Pina de Pasquale-M\u00fcnz<\/span>\n\t\t\t\t\t\t<span itemprop='logo' itemscope itemtype='https:\/\/schema.org\/ImageObject'>\n\t\t\t\t\t\t\t<span itemprop='url'>https:\/\/gesundheitsberatung.com\/ernaehrung\/wp-content\/uploads\/sites\/3\/vistano-logo-ffffff.png<\/span>\n\t\t\t\t\t\t<\/span>\n\t\t\t\t<\/span><span class='av-structured-data'  itemprop=\"author\" itemscope=\"itemscope\" itemtype=\"https:\/\/schema.org\/Person\" ><span itemprop='name'>Patricia-Pina de Pasquale-M\u00fcnz<\/span><\/span><span class='av-structured-data'  itemprop=\"datePublished\" datetime=\"2019-11-20T13:22:56+01:00\" >2019-11-20 13:22:56<\/span><span class='av-structured-data'  itemprop=\"dateModified\" itemtype=\"https:\/\/schema.org\/dateModified\" >2023-06-03 20:20:09<\/span><span class='av-structured-data'  itemprop=\"mainEntityOfPage\" itemtype=\"https:\/\/schema.org\/mainEntityOfPage\" ><span itemprop='name'>S\u00fc\u00df oder Sauer: Welcher Apfel ist ges\u00fcnder?<\/span><\/span><\/span><\/article><article class='post-entry post-entry-type-standard post-entry-18876 post-loop-16 post-parity-even single-big with-slider post-18876 post type-post status-publish format-standard has-post-thumbnail hentry category-naehrstoffe-mineralien category-sportlerernaehrung tag-fluessigkeitshaushalt tag-iso-getraenke tag-isotonische-getraenke tag-mineralstoffausgleich tag-trinken-nach-dem-sport'  itemscope=\"itemscope\" itemtype=\"https:\/\/schema.org\/BlogPosting\" ><div class='blog-meta'><\/div><div class='entry-content-wrapper clearfix standard-content'><header class=\"entry-content-header\"><div class=\"av-heading-wrapper\"><h2 class='post-title entry-title '  itemprop=\"headline\" ><a href=\"https:\/\/gesundheitsberatung.com\/ernaehrung\/sportlerernaehrung\/isotonische-getraenke-sinnvoll-oder-sinnleer\/\" rel=\"bookmark\" title=\"Permanenter Link zu: Isotonische Getr\u00e4nke: Sinnvoll oder sinnleer?\">Isotonische Getr\u00e4nke: Sinnvoll oder sinnleer?<span class=\"post-format-icon minor-meta\"><\/span><\/a><\/h2><span class=\"blog-categories minor-meta\"><a href=\"https:\/\/gesundheitsberatung.com\/ernaehrung\/magazin\/naehrstoffe-mineralien\/\" rel=\"tag\">N\u00e4hrstoffe &amp; Mineralien<\/a>, <a href=\"https:\/\/gesundheitsberatung.com\/ernaehrung\/magazin\/sportlerernaehrung\/\" rel=\"tag\">Sportlerern\u00e4hrung<\/a> <\/span><\/div><\/header><span class=\"av-vertical-delimiter\"><\/span><div class=\"big-preview single-big\"><a href=\"https:\/\/gesundheitsberatung.com\/ernaehrung\/sportlerernaehrung\/isotonische-getraenke-sinnvoll-oder-sinnleer\/\" title=\"Isotonische Getr\u00e4nke: Sinnvoll oder sinnleer?\"><img decoding=\"async\" loading=\"lazy\" width=\"845\" height=\"321\" src=\"https:\/\/gesundheitsberatung.com\/ernaehrung\/wp-content\/uploads\/sites\/3\/isotonische_getraenke_sinnvoll_oder_sinnleer-845x321.jpg\" class=\"wp-image-18883 avia-img-lazy-loading-18883 attachment-entry_with_sidebar size-entry_with_sidebar wp-post-image\" alt=\"Isotonische Getr\u00e4nke: Sinnvoll oder sinnleer?\" \/><\/a><\/div><div class=\"entry-content\"  itemprop=\"text\" ><p>Es gibt viele Meinungen zum Thema \u201eTrinken\u201c, gerade bei Sportlern. Einfaches Wasser, isotonische Getr\u00e4nke oder eine Saftschorle. Was braucht der K\u00f6rper eines Sportlers wirklich? Treibt man viel Sport, schwitzt man viel. Um den Verlust der Fl\u00fcssigkeit auszugleichen, sollte man viel trinken. Gleicht ein isotonisches Getr\u00e4nk den Fl\u00fcssigkeitshaushalt jedoch wirklich besser aus, als ein Wasser? Die [&hellip;]<\/p>\n<div class=\"read-more-link\"><a href=\"https:\/\/gesundheitsberatung.com\/ernaehrung\/sportlerernaehrung\/isotonische-getraenke-sinnvoll-oder-sinnleer\/\" class=\"more-link\">Weiterlesen<span class=\"more-link-arrow\"><\/span><\/a><\/div>\n<\/div><span class='post-meta-infos'><time class='date-container minor-meta updated' >15. November 2019<\/time><span class='text-sep text-sep-date'>\/<\/span><span class=\"blog-author minor-meta\">von <span class=\"entry-author-link\" ><span class=\"vcard author\"><span class=\"fn\"><a href=\"https:\/\/gesundheitsberatung.com\/ernaehrung\/author\/patricia-depasquale\/\" title=\"Beitr\u00e4ge von Patricia-Pina de Pasquale-M\u00fcnz\" rel=\"author\">Patricia-Pina de Pasquale-M\u00fcnz<\/a><\/span><\/span><\/span><\/span><\/span><footer class=\"entry-footer\"><\/footer><div class='post_delimiter'><\/div><\/div><div class='post_author_timeline'><\/div><span class='hidden'>\n\t\t\t\t<span class='av-structured-data'  itemprop=\"image\" itemscope=\"itemscope\" itemtype=\"https:\/\/schema.org\/ImageObject\" >\n\t\t\t\t\t\t<span itemprop='url'>https:\/\/gesundheitsberatung.com\/ernaehrung\/wp-content\/uploads\/sites\/3\/isotonische_getraenke_sinnvoll_oder_sinnleer.jpg<\/span>\n\t\t\t\t\t\t<span itemprop='height'>700<\/span>\n\t\t\t\t\t\t<span itemprop='width'>1024<\/span>\n\t\t\t\t<\/span>\n\t\t\t\t<span class='av-structured-data'  itemprop=\"publisher\" itemtype=\"https:\/\/schema.org\/Organization\" itemscope=\"itemscope\" >\n\t\t\t\t\t\t<span itemprop='name'>Patricia-Pina de Pasquale-M\u00fcnz<\/span>\n\t\t\t\t\t\t<span itemprop='logo' itemscope itemtype='https:\/\/schema.org\/ImageObject'>\n\t\t\t\t\t\t\t<span itemprop='url'>https:\/\/gesundheitsberatung.com\/ernaehrung\/wp-content\/uploads\/sites\/3\/vistano-logo-ffffff.png<\/span>\n\t\t\t\t\t\t<\/span>\n\t\t\t\t<\/span><span class='av-structured-data'  itemprop=\"author\" itemscope=\"itemscope\" itemtype=\"https:\/\/schema.org\/Person\" ><span itemprop='name'>Patricia-Pina de Pasquale-M\u00fcnz<\/span><\/span><span class='av-structured-data'  itemprop=\"datePublished\" datetime=\"2019-11-15T13:19:32+01:00\" >2019-11-15 13:19:32<\/span><span class='av-structured-data'  itemprop=\"dateModified\" itemtype=\"https:\/\/schema.org\/dateModified\" >2023-06-03 20:20:09<\/span><span class='av-structured-data'  itemprop=\"mainEntityOfPage\" itemtype=\"https:\/\/schema.org\/mainEntityOfPage\" ><span itemprop='name'>Isotonische Getr\u00e4nke: Sinnvoll oder sinnleer?<\/span><\/span><\/span><\/article><article class='post-entry post-entry-type-standard post-entry-18802 post-loop-17 post-parity-odd single-big with-slider post-18802 post type-post status-publish format-standard has-post-thumbnail hentry category-news-storys category-wissenswertes tag-aufbewahren tag-bakterien tag-kuehlschrank tag-lebensmittel-aufbewahren tag-lebensmittelhaltbarkeit'  itemscope=\"itemscope\" itemtype=\"https:\/\/schema.org\/BlogPosting\" ><div class='blog-meta'><\/div><div class='entry-content-wrapper clearfix standard-content'><header class=\"entry-content-header\"><div class=\"av-heading-wrapper\"><h2 class='post-title entry-title '  itemprop=\"headline\" ><a href=\"https:\/\/gesundheitsberatung.com\/ernaehrung\/news-storys\/was-haelt-sich-wie-lange-im-kuehlschrank\/\" rel=\"bookmark\" title=\"Permanenter Link zu: Was h\u00e4lt sich wie lange im K\u00fchlschrank?\">Was h\u00e4lt sich wie lange im K\u00fchlschrank?<span class=\"post-format-icon minor-meta\"><\/span><\/a><\/h2><span class=\"blog-categories minor-meta\"><a href=\"https:\/\/gesundheitsberatung.com\/ernaehrung\/magazin\/news-storys\/\" rel=\"tag\">News &amp; Storys<\/a>, <a href=\"https:\/\/gesundheitsberatung.com\/ernaehrung\/magazin\/wissenswertes\/\" rel=\"tag\">Wissenswertes<\/a> <\/span><\/div><\/header><span class=\"av-vertical-delimiter\"><\/span><div class=\"big-preview single-big\"><a href=\"https:\/\/gesundheitsberatung.com\/ernaehrung\/news-storys\/was-haelt-sich-wie-lange-im-kuehlschrank\/\" title=\"Was h\u00e4lt sich wie lange im K\u00fchlschrank?\"><img decoding=\"async\" loading=\"lazy\" width=\"845\" height=\"321\" src=\"https:\/\/gesundheitsberatung.com\/ernaehrung\/wp-content\/uploads\/sites\/3\/was_haelt_sich_wielange_im_kuehlschrank-845x321.jpg\" class=\"wp-image-18803 avia-img-lazy-loading-18803 attachment-entry_with_sidebar size-entry_with_sidebar wp-post-image\" alt=\"Was h\u00e4lt sich wie lange im K\u00fchlschrank\" \/><\/a><\/div><div class=\"entry-content\"  itemprop=\"text\" ><p>\u201eKann man das noch essen?\u201c. Diese Frage stellt sich jeder, wenn man in den K\u00fchlschrank schaut. Die meisten trauen ihren eigenen Sinnen nicht und schei\u00dfen schneller weg, als dem Lebensmittel noch eine Chance zu geben und noch einmal zu probieren. Bakterien und die Auswirkungen Lebensmittelvergiftungen sind nicht selten. Bei hohen Temperaturen wie im Sommer f\u00fchlen [&hellip;]<\/p>\n<div class=\"read-more-link\"><a href=\"https:\/\/gesundheitsberatung.com\/ernaehrung\/news-storys\/was-haelt-sich-wie-lange-im-kuehlschrank\/\" class=\"more-link\">Weiterlesen<span class=\"more-link-arrow\"><\/span><\/a><\/div>\n<\/div><span class='post-meta-infos'><time class='date-container minor-meta updated' >21. Oktober 2019<\/time><span class='text-sep text-sep-date'>\/<\/span><span class=\"blog-author minor-meta\">von <span class=\"entry-author-link\" ><span class=\"vcard author\"><span class=\"fn\"><a href=\"https:\/\/gesundheitsberatung.com\/ernaehrung\/author\/patricia-depasquale\/\" title=\"Beitr\u00e4ge von Patricia-Pina de Pasquale-M\u00fcnz\" rel=\"author\">Patricia-Pina de Pasquale-M\u00fcnz<\/a><\/span><\/span><\/span><\/span><\/span><footer class=\"entry-footer\"><\/footer><div class='post_delimiter'><\/div><\/div><div class='post_author_timeline'><\/div><span class='hidden'>\n\t\t\t\t<span class='av-structured-data'  itemprop=\"image\" itemscope=\"itemscope\" itemtype=\"https:\/\/schema.org\/ImageObject\" >\n\t\t\t\t\t\t<span itemprop='url'>https:\/\/gesundheitsberatung.com\/ernaehrung\/wp-content\/uploads\/sites\/3\/was_haelt_sich_wielange_im_kuehlschrank.jpg<\/span>\n\t\t\t\t\t\t<span itemprop='height'>700<\/span>\n\t\t\t\t\t\t<span itemprop='width'>1024<\/span>\n\t\t\t\t<\/span>\n\t\t\t\t<span class='av-structured-data'  itemprop=\"publisher\" itemtype=\"https:\/\/schema.org\/Organization\" itemscope=\"itemscope\" >\n\t\t\t\t\t\t<span itemprop='name'>Patricia-Pina de Pasquale-M\u00fcnz<\/span>\n\t\t\t\t\t\t<span itemprop='logo' itemscope itemtype='https:\/\/schema.org\/ImageObject'>\n\t\t\t\t\t\t\t<span itemprop='url'>https:\/\/gesundheitsberatung.com\/ernaehrung\/wp-content\/uploads\/sites\/3\/vistano-logo-ffffff.png<\/span>\n\t\t\t\t\t\t<\/span>\n\t\t\t\t<\/span><span class='av-structured-data'  itemprop=\"author\" itemscope=\"itemscope\" itemtype=\"https:\/\/schema.org\/Person\" ><span itemprop='name'>Patricia-Pina de Pasquale-M\u00fcnz<\/span><\/span><span class='av-structured-data'  itemprop=\"datePublished\" datetime=\"2019-10-21T15:33:27+02:00\" >2019-10-21 15:33:27<\/span><span class='av-structured-data'  itemprop=\"dateModified\" itemtype=\"https:\/\/schema.org\/dateModified\" >2023-06-03 20:20:10<\/span><span class='av-structured-data'  itemprop=\"mainEntityOfPage\" itemtype=\"https:\/\/schema.org\/mainEntityOfPage\" ><span itemprop='name'>Was h\u00e4lt sich wie lange im K\u00fchlschrank?<\/span><\/span><\/span><\/article><article class='post-entry post-entry-type-standard post-entry-18804 post-loop-18 post-parity-even single-big with-slider post-18804 post type-post status-publish format-standard has-post-thumbnail hentry category-news-storys category-wissenswertes tag-banane tag-bananen-pestizide tag-fairtrade-siegel-banane tag-supermarkt-bananen'  itemscope=\"itemscope\" itemtype=\"https:\/\/schema.org\/BlogPosting\" ><div class='blog-meta'><\/div><div class='entry-content-wrapper clearfix standard-content'><header class=\"entry-content-header\"><div class=\"av-heading-wrapper\"><h2 class='post-title entry-title '  itemprop=\"headline\" ><a href=\"https:\/\/gesundheitsberatung.com\/ernaehrung\/news-storys\/pestizid-weltmeister-banane-was-du-beachten-solltest\/\" rel=\"bookmark\" title=\"Permanenter Link zu: Pestizid-Weltmeister Banane: Was Du beachten solltest\">Pestizid-Weltmeister Banane: Was Du beachten solltest<span class=\"post-format-icon minor-meta\"><\/span><\/a><\/h2><span class=\"blog-categories minor-meta\"><a href=\"https:\/\/gesundheitsberatung.com\/ernaehrung\/magazin\/news-storys\/\" rel=\"tag\">News &amp; Storys<\/a>, <a href=\"https:\/\/gesundheitsberatung.com\/ernaehrung\/magazin\/wissenswertes\/\" rel=\"tag\">Wissenswertes<\/a> <\/span><\/div><\/header><span class=\"av-vertical-delimiter\"><\/span><div class=\"big-preview single-big\"><a href=\"https:\/\/gesundheitsberatung.com\/ernaehrung\/news-storys\/pestizid-weltmeister-banane-was-du-beachten-solltest\/\" title=\"Pestizid-Weltmeister Banane: Was Du beachten solltest\"><img decoding=\"async\" loading=\"lazy\" width=\"845\" height=\"321\" src=\"https:\/\/gesundheitsberatung.com\/ernaehrung\/wp-content\/uploads\/sites\/3\/pesdizit_weltmeister_banane-845x321.jpg\" class=\"wp-image-18805 avia-img-lazy-loading-18805 attachment-entry_with_sidebar size-entry_with_sidebar wp-post-image\" alt=\"Pestizid-Weltmeister Banane: Was Du beachten solltest\" \/><\/a><\/div><div class=\"entry-content\"  itemprop=\"text\" ><p>Gelbe Schale, leckerer Inhalt. Wer liebt Bananen nicht. Sie machen lange satt, sind gesund und voller Vitamine. Laut \u00d6ko-Test wurden jedoch bei Proben Pestizidr\u00fcckst\u00e4nde gefunden. Schauen wir uns an, auf was beim Kauf der gelben Frucht zu achten ist. Pestizid-Weltmeister Banane: Pestizide und deren Auswirkung Auf die ca. 600 verschiedenen Pestizide wurden einige Bananen untersucht. [&hellip;]<\/p>\n<div class=\"read-more-link\"><a href=\"https:\/\/gesundheitsberatung.com\/ernaehrung\/news-storys\/pestizid-weltmeister-banane-was-du-beachten-solltest\/\" class=\"more-link\">Weiterlesen<span class=\"more-link-arrow\"><\/span><\/a><\/div>\n<\/div><span class='post-meta-infos'><time class='date-container minor-meta updated' >18. Oktober 2019<\/time><span class='text-sep text-sep-date'>\/<\/span><span class=\"blog-author minor-meta\">von <span class=\"entry-author-link\" ><span class=\"vcard author\"><span class=\"fn\"><a href=\"https:\/\/gesundheitsberatung.com\/ernaehrung\/author\/patricia-depasquale\/\" title=\"Beitr\u00e4ge von Patricia-Pina de Pasquale-M\u00fcnz\" rel=\"author\">Patricia-Pina de Pasquale-M\u00fcnz<\/a><\/span><\/span><\/span><\/span><\/span><footer class=\"entry-footer\"><\/footer><div class='post_delimiter'><\/div><\/div><div class='post_author_timeline'><\/div><span class='hidden'>\n\t\t\t\t<span class='av-structured-data'  itemprop=\"image\" itemscope=\"itemscope\" itemtype=\"https:\/\/schema.org\/ImageObject\" >\n\t\t\t\t\t\t<span itemprop='url'>https:\/\/gesundheitsberatung.com\/ernaehrung\/wp-content\/uploads\/sites\/3\/pesdizit_weltmeister_banane.jpg<\/span>\n\t\t\t\t\t\t<span itemprop='height'>700<\/span>\n\t\t\t\t\t\t<span itemprop='width'>1024<\/span>\n\t\t\t\t<\/span>\n\t\t\t\t<span class='av-structured-data'  itemprop=\"publisher\" itemtype=\"https:\/\/schema.org\/Organization\" itemscope=\"itemscope\" >\n\t\t\t\t\t\t<span itemprop='name'>Patricia-Pina de Pasquale-M\u00fcnz<\/span>\n\t\t\t\t\t\t<span itemprop='logo' itemscope itemtype='https:\/\/schema.org\/ImageObject'>\n\t\t\t\t\t\t\t<span itemprop='url'>https:\/\/gesundheitsberatung.com\/ernaehrung\/wp-content\/uploads\/sites\/3\/vistano-logo-ffffff.png<\/span>\n\t\t\t\t\t\t<\/span>\n\t\t\t\t<\/span><span class='av-structured-data'  itemprop=\"author\" itemscope=\"itemscope\" itemtype=\"https:\/\/schema.org\/Person\" ><span itemprop='name'>Patricia-Pina de Pasquale-M\u00fcnz<\/span><\/span><span class='av-structured-data'  itemprop=\"datePublished\" datetime=\"2019-10-18T13:40:28+02:00\" >2019-10-18 13:40:28<\/span><span class='av-structured-data'  itemprop=\"dateModified\" itemtype=\"https:\/\/schema.org\/dateModified\" >2023-06-03 20:20:11<\/span><span class='av-structured-data'  itemprop=\"mainEntityOfPage\" itemtype=\"https:\/\/schema.org\/mainEntityOfPage\" ><span itemprop='name'>Pestizid-Weltmeister Banane: Was Du beachten solltest<\/span><\/span><\/span><\/article><article class='post-entry post-entry-type-standard post-entry-18812 post-loop-19 post-parity-odd single-big with-slider post-18812 post type-post status-publish format-standard has-post-thumbnail hentry category-news-storys category-wissenswertes tag-avocado-im-kuehlschrank tag-banane-im-kuehlschrank tag-brot-im-kuehlschrank tag-lebensmittel-aufbewahren tag-obst-im-kuehlschrank'  itemscope=\"itemscope\" itemtype=\"https:\/\/schema.org\/BlogPosting\" ><div class='blog-meta'><\/div><div class='entry-content-wrapper clearfix standard-content'><header class=\"entry-content-header\"><div class=\"av-heading-wrapper\"><h2 class='post-title entry-title '  itemprop=\"headline\" ><a href=\"https:\/\/gesundheitsberatung.com\/ernaehrung\/news-storys\/wir-gehoeren-nicht-in-den-kuehlschrank\/\" rel=\"bookmark\" title=\"Permanenter Link zu: Wir geh\u00f6ren nicht in den K\u00fchlschrank!\">Wir geh\u00f6ren nicht in den K\u00fchlschrank!<span class=\"post-format-icon minor-meta\"><\/span><\/a><\/h2><span class=\"blog-categories minor-meta\"><a href=\"https:\/\/gesundheitsberatung.com\/ernaehrung\/magazin\/news-storys\/\" rel=\"tag\">News &amp; Storys<\/a>, <a href=\"https:\/\/gesundheitsberatung.com\/ernaehrung\/magazin\/wissenswertes\/\" rel=\"tag\">Wissenswertes<\/a> <\/span><\/div><\/header><span class=\"av-vertical-delimiter\"><\/span><div class=\"big-preview single-big\"><a href=\"https:\/\/gesundheitsberatung.com\/ernaehrung\/news-storys\/wir-gehoeren-nicht-in-den-kuehlschrank\/\" title=\"Wir geh\u00f6ren nicht in den K\u00fchlschrank!\"><img decoding=\"async\" loading=\"lazy\" width=\"845\" height=\"321\" src=\"https:\/\/gesundheitsberatung.com\/ernaehrung\/wp-content\/uploads\/sites\/3\/wir_gehoehren_nicht_in_den_kuehlschrank-845x321.jpg\" class=\"wp-image-18813 avia-img-lazy-loading-18813 attachment-entry_with_sidebar size-entry_with_sidebar wp-post-image\" alt=\"Wir geh\u00f6ren nicht in den K\u00fchlschrank!\" \/><\/a><\/div><div class=\"entry-content\"  itemprop=\"text\" ><p>Es gibt Lebensmittel, die K\u00e4lte lieben. Aber eben auch welche, die durch die K\u00e4lte an Aroma verlieren oder schneller verderben. Was nicht in den K\u00fchlschrank geh\u00f6rt, schauen wir uns jetzt an. Gute Lebensmittel, frische Zutaten und ein toller Geschmack. So macht das Kochen Spa\u00df. Man sollte jedoch nicht nur auf die Auswahl der Zutaten schauen, [&hellip;]<\/p>\n<div class=\"read-more-link\"><a href=\"https:\/\/gesundheitsberatung.com\/ernaehrung\/news-storys\/wir-gehoeren-nicht-in-den-kuehlschrank\/\" class=\"more-link\">Weiterlesen<span class=\"more-link-arrow\"><\/span><\/a><\/div>\n<\/div><span class='post-meta-infos'><time class='date-container minor-meta updated' >16. Oktober 2019<\/time><span class='text-sep text-sep-date'>\/<\/span><span class=\"blog-author minor-meta\">von <span class=\"entry-author-link\" ><span class=\"vcard author\"><span class=\"fn\"><a href=\"https:\/\/gesundheitsberatung.com\/ernaehrung\/author\/patricia-depasquale\/\" title=\"Beitr\u00e4ge von Patricia-Pina de Pasquale-M\u00fcnz\" rel=\"author\">Patricia-Pina de Pasquale-M\u00fcnz<\/a><\/span><\/span><\/span><\/span><\/span><footer class=\"entry-footer\"><\/footer><div class='post_delimiter'><\/div><\/div><div class='post_author_timeline'><\/div><span class='hidden'>\n\t\t\t\t<span class='av-structured-data'  itemprop=\"image\" itemscope=\"itemscope\" itemtype=\"https:\/\/schema.org\/ImageObject\" >\n\t\t\t\t\t\t<span itemprop='url'>https:\/\/gesundheitsberatung.com\/ernaehrung\/wp-content\/uploads\/sites\/3\/wir_gehoehren_nicht_in_den_kuehlschrank.jpg<\/span>\n\t\t\t\t\t\t<span itemprop='height'>700<\/span>\n\t\t\t\t\t\t<span itemprop='width'>1024<\/span>\n\t\t\t\t<\/span>\n\t\t\t\t<span class='av-structured-data'  itemprop=\"publisher\" itemtype=\"https:\/\/schema.org\/Organization\" itemscope=\"itemscope\" >\n\t\t\t\t\t\t<span itemprop='name'>Patricia-Pina de Pasquale-M\u00fcnz<\/span>\n\t\t\t\t\t\t<span itemprop='logo' itemscope itemtype='https:\/\/schema.org\/ImageObject'>\n\t\t\t\t\t\t\t<span itemprop='url'>https:\/\/gesundheitsberatung.com\/ernaehrung\/wp-content\/uploads\/sites\/3\/vistano-logo-ffffff.png<\/span>\n\t\t\t\t\t\t<\/span>\n\t\t\t\t<\/span><span class='av-structured-data'  itemprop=\"author\" itemscope=\"itemscope\" itemtype=\"https:\/\/schema.org\/Person\" ><span itemprop='name'>Patricia-Pina de Pasquale-M\u00fcnz<\/span><\/span><span class='av-structured-data'  itemprop=\"datePublished\" datetime=\"2019-10-16T13:30:54+02:00\" >2019-10-16 13:30:54<\/span><span class='av-structured-data'  itemprop=\"dateModified\" itemtype=\"https:\/\/schema.org\/dateModified\" >2023-06-03 20:20:11<\/span><span class='av-structured-data'  itemprop=\"mainEntityOfPage\" itemtype=\"https:\/\/schema.org\/mainEntityOfPage\" ><span itemprop='name'>Wir geh\u00f6ren nicht in den K\u00fchlschrank!<\/span><\/span><\/span><\/article><article class='post-entry post-entry-type-standard post-entry-18855 post-loop-20 post-parity-even post-entry-last single-big with-slider post-18855 post type-post status-publish format-standard has-post-thumbnail hentry category-news-storys tag-einkaufen tag-lebensmittel tag-lebensmittelampel tag-lebensmittelkennzeichnung tag-nutri-score'  itemscope=\"itemscope\" itemtype=\"https:\/\/schema.org\/BlogPosting\" ><div class='blog-meta'><\/div><div class='entry-content-wrapper clearfix standard-content'><header class=\"entry-content-header\"><div class=\"av-heading-wrapper\"><h2 class='post-title entry-title '  itemprop=\"headline\" ><a href=\"https:\/\/gesundheitsberatung.com\/ernaehrung\/news-storys\/die-lebensmittelampel-kommt\/\" rel=\"bookmark\" title=\"Permanenter Link zu: Die Lebensmittelampel kommt!\">Die Lebensmittelampel kommt!<span class=\"post-format-icon minor-meta\"><\/span><\/a><\/h2><span class=\"blog-categories minor-meta\"><a href=\"https:\/\/gesundheitsberatung.com\/ernaehrung\/magazin\/news-storys\/\" rel=\"tag\">News &amp; Storys<\/a> <\/span><\/div><\/header><span class=\"av-vertical-delimiter\"><\/span><div class=\"big-preview single-big\"><a href=\"https:\/\/gesundheitsberatung.com\/ernaehrung\/news-storys\/die-lebensmittelampel-kommt\/\" title=\"Die Lebensmittelampel kommt!\"><img decoding=\"async\" loading=\"lazy\" width=\"845\" height=\"321\" src=\"https:\/\/gesundheitsberatung.com\/ernaehrung\/wp-content\/uploads\/sites\/3\/die_lebensmittelampel_kommt-845x321.jpg\" class=\"wp-image-18856 avia-img-lazy-loading-18856 attachment-entry_with_sidebar size-entry_with_sidebar wp-post-image\" alt=\"Die Lebensmittelampel kommt!\" \/><\/a><\/div><div class=\"entry-content\"  itemprop=\"text\" ><p>Die Lebensmittelampel mit dem Namen \u201eNutri-Score\u201c, wird in Deutschland eingef\u00fchrt. Sie ist leicht zu verstehen und hilft dabei, sich ges\u00fcnder zu ern\u00e4hren. Wieso kommt diese Lebensmittelampel erst jetzt? Die Ern\u00e4hrungsministerin der CDU, Julia Kl\u00f6ckner, hat die Einf\u00fchrung der Lebensmittelampel nun durchgesetzt. \u201eNutri-Score\u201c ist eine simple, jedoch hilfreiche Methode, die das Erkennen von zu s\u00fc\u00dfen und [&hellip;]<\/p>\n<div class=\"read-more-link\"><a href=\"https:\/\/gesundheitsberatung.com\/ernaehrung\/news-storys\/die-lebensmittelampel-kommt\/\" class=\"more-link\">Weiterlesen<span class=\"more-link-arrow\"><\/span><\/a><\/div>\n<\/div><span class='post-meta-infos'><time class='date-container minor-meta updated' >11. Oktober 2019<\/time><span class='text-sep text-sep-date'>\/<\/span><span class=\"blog-author minor-meta\">von <span class=\"entry-author-link\" ><span class=\"vcard author\"><span class=\"fn\"><a href=\"https:\/\/gesundheitsberatung.com\/ernaehrung\/author\/patricia-depasquale\/\" title=\"Beitr\u00e4ge von Patricia-Pina de Pasquale-M\u00fcnz\" rel=\"author\">Patricia-Pina de Pasquale-M\u00fcnz<\/a><\/span><\/span><\/span><\/span><\/span><footer class=\"entry-footer\"><\/footer><div class='post_delimiter'><\/div><\/div><div class='post_author_timeline'><\/div><span class='hidden'>\n\t\t\t\t<span class='av-structured-data'  itemprop=\"image\" itemscope=\"itemscope\" itemtype=\"https:\/\/schema.org\/ImageObject\" >\n\t\t\t\t\t\t<span itemprop='url'>https:\/\/gesundheitsberatung.com\/ernaehrung\/wp-content\/uploads\/sites\/3\/die_lebensmittelampel_kommt.jpg<\/span>\n\t\t\t\t\t\t<span itemprop='height'>683<\/span>\n\t\t\t\t\t\t<span itemprop='width'>1024<\/span>\n\t\t\t\t<\/span>\n\t\t\t\t<span class='av-structured-data'  itemprop=\"publisher\" itemtype=\"https:\/\/schema.org\/Organization\" itemscope=\"itemscope\" >\n\t\t\t\t\t\t<span itemprop='name'>Patricia-Pina de Pasquale-M\u00fcnz<\/span>\n\t\t\t\t\t\t<span itemprop='logo' itemscope itemtype='https:\/\/schema.org\/ImageObject'>\n\t\t\t\t\t\t\t<span itemprop='url'>https:\/\/gesundheitsberatung.com\/ernaehrung\/wp-content\/uploads\/sites\/3\/vistano-logo-ffffff.png<\/span>\n\t\t\t\t\t\t<\/span>\n\t\t\t\t<\/span><span class='av-structured-data'  itemprop=\"author\" itemscope=\"itemscope\" itemtype=\"https:\/\/schema.org\/Person\" ><span itemprop='name'>Patricia-Pina de Pasquale-M\u00fcnz<\/span><\/span><span class='av-structured-data'  itemprop=\"datePublished\" datetime=\"2019-10-11T10:31:06+02:00\" >2019-10-11 10:31:06<\/span><span class='av-structured-data'  itemprop=\"dateModified\" itemtype=\"https:\/\/schema.org\/dateModified\" >2023-06-03 20:20:12<\/span><span class='av-structured-data'  itemprop=\"mainEntityOfPage\" itemtype=\"https:\/\/schema.org\/mainEntityOfPage\" ><span itemprop='name'>Die Lebensmittelampel kommt!<\/span><\/span><\/span><\/article><div class='single-big'><nav class='pagination'><span class='pagination-meta'>Seite 1 von 62<\/span><span class='current'>1<\/span><a href='https:\/\/gesundheitsberatung.com\/ernaehrung\/wp-json\/wp\/v2\/pages\/2088\/page\/2\/' class='inactive next_page' >2<\/a><a href='https:\/\/gesundheitsberatung.com\/ernaehrung\/wp-json\/wp\/v2\/pages\/2088\/page\/3\/' class='inactive' >3<\/a><a href='https:\/\/gesundheitsberatung.com\/ernaehrung\/wp-json\/wp\/v2\/pages\/2088\/page\/2\/'>&rsaquo;<\/a><a href='https:\/\/gesundheitsberatung.com\/ernaehrung\/wp-json\/wp\/v2\/pages\/2088\/page\/62\/'>&raquo;<\/a><\/nav>\n<\/div><\/div><\/p><\/div>\n","protected":false},"excerpt":{"rendered":"<p>Die neuesten Themen, Trends und Innovationen aus der Welt der Ern\u00e4hrung, recherchiert von unserer Ern\u00e4hrung Online Redaktion&#8230;<\/p>\n","protected":false},"author":3,"featured_media":17221,"parent":0,"menu_order":0,"comment_status":"closed","ping_status":"open","template":"","meta":{"footnotes":""},"class_list":["post-2088","page","type-page","status-publish","has-post-thumbnail","hentry"],"yoast_head":"<!-- This site is optimized with the Yoast SEO plugin v26.0 - https:\/\/yoast.com\/wordpress\/plugins\/seo\/ -->\n<title>Ern\u00e4hrung-Magazin &#187; Ern\u00e4hrung<\/title>\n<meta name=\"description\" content=\"Die neuesten Themen, Trends und Innovationen aus der Welt der Ern\u00e4hrung, recherchiert von unserer Ern\u00e4hrung Online Redaktion...\" \/>\n<meta name=\"robots\" content=\"index, follow, max-snippet:-1, max-image-preview:large, max-video-preview:-1\" \/>\n<link rel=\"canonical\" href=\"https:\/\/gesundheitsberatung.com\/ernaehrung\/ernaehrung-magazin\/\" \/>\n<meta property=\"og:locale\" content=\"de_DE\" \/>\n<meta property=\"og:type\" content=\"article\" \/>\n<meta property=\"og:title\" content=\"Ern\u00e4hrung-Magazin &#187; Ern\u00e4hrung\" \/>\n<meta property=\"og:description\" content=\"Die neuesten Themen, Trends und Innovationen aus der Welt der Ern\u00e4hrung, recherchiert von unserer Ern\u00e4hrung Online Redaktion...\" \/>\n<meta property=\"og:url\" content=\"https:\/\/gesundheitsberatung.com\/ernaehrung\/ernaehrung-magazin\/\" \/>\n<meta property=\"og:site_name\" content=\"Ern\u00e4hrung\" \/>\n<meta property=\"article:publisher\" content=\"https:\/\/www.facebook.com\/ernaehrung\/\" \/>\n<meta property=\"article:modified_time\" content=\"2021-07-07T19:36:42+00:00\" \/>\n<meta property=\"og:image\" content=\"https:\/\/gesundheitsberatung.com\/ernaehrung\/wp-content\/uploads\/sites\/3\/magazin-ernaehrung-slider.jpg\" \/>\n\t<meta property=\"og:image:width\" content=\"1450\" \/>\n\t<meta property=\"og:image:height\" content=\"500\" \/>\n\t<meta property=\"og:image:type\" content=\"image\/jpeg\" \/>\n<meta name=\"twitter:card\" content=\"summary_large_image\" \/>\n<meta name=\"twitter:site\" content=\"@Vistano\" \/>\n<script type=\"application\/ld+json\" class=\"yoast-schema-graph\">{\"@context\":\"https:\/\/schema.org\",\"@graph\":[{\"@type\":\"WebPage\",\"@id\":\"https:\/\/gesundheitsberatung.com\/ernaehrung\/ernaehrung-magazin\/\",\"url\":\"https:\/\/gesundheitsberatung.com\/ernaehrung\/ernaehrung-magazin\/\",\"name\":\"Ern\u00e4hrung-Magazin &#187; Ern\u00e4hrung\",\"isPartOf\":{\"@id\":\"https:\/\/gesundheitsberatung.com\/ernaehrung\/#website\"},\"primaryImageOfPage\":{\"@id\":\"https:\/\/gesundheitsberatung.com\/ernaehrung\/ernaehrung-magazin\/#primaryimage\"},\"image\":{\"@id\":\"https:\/\/gesundheitsberatung.com\/ernaehrung\/ernaehrung-magazin\/#primaryimage\"},\"thumbnailUrl\":\"https:\/\/gesundheitsberatung.com\/ernaehrung\/wp-content\/uploads\/sites\/3\/magazin-ernaehrung-slider.jpg\",\"datePublished\":\"2013-01-24T13:37:44+00:00\",\"dateModified\":\"2021-07-07T19:36:42+00:00\",\"description\":\"Die neuesten Themen, Trends und Innovationen aus der Welt der Ern\u00e4hrung, recherchiert von unserer Ern\u00e4hrung Online Redaktion...\",\"breadcrumb\":{\"@id\":\"https:\/\/gesundheitsberatung.com\/ernaehrung\/ernaehrung-magazin\/#breadcrumb\"},\"inLanguage\":\"de\",\"potentialAction\":[{\"@type\":\"ReadAction\",\"target\":[\"https:\/\/gesundheitsberatung.com\/ernaehrung\/ernaehrung-magazin\/\"]}]},{\"@type\":\"ImageObject\",\"inLanguage\":\"de\",\"@id\":\"https:\/\/gesundheitsberatung.com\/ernaehrung\/ernaehrung-magazin\/#primaryimage\",\"url\":\"https:\/\/gesundheitsberatung.com\/ernaehrung\/wp-content\/uploads\/sites\/3\/magazin-ernaehrung-slider.jpg\",\"contentUrl\":\"https:\/\/gesundheitsberatung.com\/ernaehrung\/wp-content\/uploads\/sites\/3\/magazin-ernaehrung-slider.jpg\",\"width\":1450,\"height\":500,\"caption\":\"Magazin Ern\u00e4hrung - Slider\"},{\"@type\":\"BreadcrumbList\",\"@id\":\"https:\/\/gesundheitsberatung.com\/ernaehrung\/ernaehrung-magazin\/#breadcrumb\",\"itemListElement\":[{\"@type\":\"ListItem\",\"position\":1,\"name\":\"Home\",\"item\":\"https:\/\/gesundheitsberatung.com\/ernaehrung\/\"},{\"@type\":\"ListItem\",\"position\":2,\"name\":\"Ern\u00e4hrung-Magazin\"}]},{\"@type\":\"WebSite\",\"@id\":\"https:\/\/gesundheitsberatung.com\/ernaehrung\/#website\",\"url\":\"https:\/\/gesundheitsberatung.com\/ernaehrung\/\",\"name\":\"Ern\u00e4hrung\",\"description\":\"Ern\u00e4hrung \u260e Beratung durch Ern\u00e4hrungsberater! Jetzt Gratis-Beratung sichern: \u2714 \u00c4rzte \u2714 Heilpraktiker \u2714 Weight Coaches \u2714 Ern\u00e4hrungswissenschaftler \u2714 Di\u00e4tassistenten \u2714 Sportern\u00e4hrung bei Vistano Ern\u00e4hrung.\",\"potentialAction\":[{\"@type\":\"SearchAction\",\"target\":{\"@type\":\"EntryPoint\",\"urlTemplate\":\"https:\/\/gesundheitsberatung.com\/ernaehrung\/?s={search_term_string}\"},\"query-input\":{\"@type\":\"PropertyValueSpecification\",\"valueRequired\":true,\"valueName\":\"search_term_string\"}}],\"inLanguage\":\"de\"}]}<\/script>\n<!-- \/ Yoast SEO plugin. -->","yoast_head_json":{"title":"Ern\u00e4hrung-Magazin &#187; Ern\u00e4hrung","description":"Die neuesten Themen, Trends und Innovationen aus der Welt der Ern\u00e4hrung, recherchiert von unserer Ern\u00e4hrung Online Redaktion...","robots":{"index":"index","follow":"follow","max-snippet":"max-snippet:-1","max-image-preview":"max-image-preview:large","max-video-preview":"max-video-preview:-1"},"canonical":"https:\/\/gesundheitsberatung.com\/ernaehrung\/ernaehrung-magazin\/","og_locale":"de_DE","og_type":"article","og_title":"Ern\u00e4hrung-Magazin &#187; Ern\u00e4hrung","og_description":"Die neuesten Themen, Trends und Innovationen aus der Welt der Ern\u00e4hrung, recherchiert von unserer Ern\u00e4hrung Online Redaktion...","og_url":"https:\/\/gesundheitsberatung.com\/ernaehrung\/ernaehrung-magazin\/","og_site_name":"Ern\u00e4hrung","article_publisher":"https:\/\/www.facebook.com\/ernaehrung\/","article_modified_time":"2021-07-07T19:36:42+00:00","og_image":[{"width":1450,"height":500,"url":"https:\/\/gesundheitsberatung.com\/ernaehrung\/wp-content\/uploads\/sites\/3\/magazin-ernaehrung-slider.jpg","type":"image\/jpeg"}],"twitter_card":"summary_large_image","twitter_site":"@Vistano","schema":{"@context":"https:\/\/schema.org","@graph":[{"@type":"WebPage","@id":"https:\/\/gesundheitsberatung.com\/ernaehrung\/ernaehrung-magazin\/","url":"https:\/\/gesundheitsberatung.com\/ernaehrung\/ernaehrung-magazin\/","name":"Ern\u00e4hrung-Magazin &#187; Ern\u00e4hrung","isPartOf":{"@id":"https:\/\/gesundheitsberatung.com\/ernaehrung\/#website"},"primaryImageOfPage":{"@id":"https:\/\/gesundheitsberatung.com\/ernaehrung\/ernaehrung-magazin\/#primaryimage"},"image":{"@id":"https:\/\/gesundheitsberatung.com\/ernaehrung\/ernaehrung-magazin\/#primaryimage"},"thumbnailUrl":"https:\/\/gesundheitsberatung.com\/ernaehrung\/wp-content\/uploads\/sites\/3\/magazin-ernaehrung-slider.jpg","datePublished":"2013-01-24T13:37:44+00:00","dateModified":"2021-07-07T19:36:42+00:00","description":"Die neuesten Themen, Trends und Innovationen aus der Welt der Ern\u00e4hrung, recherchiert von unserer Ern\u00e4hrung Online Redaktion...","breadcrumb":{"@id":"https:\/\/gesundheitsberatung.com\/ernaehrung\/ernaehrung-magazin\/#breadcrumb"},"inLanguage":"de","potentialAction":[{"@type":"ReadAction","target":["https:\/\/gesundheitsberatung.com\/ernaehrung\/ernaehrung-magazin\/"]}]},{"@type":"ImageObject","inLanguage":"de","@id":"https:\/\/gesundheitsberatung.com\/ernaehrung\/ernaehrung-magazin\/#primaryimage","url":"https:\/\/gesundheitsberatung.com\/ernaehrung\/wp-content\/uploads\/sites\/3\/magazin-ernaehrung-slider.jpg","contentUrl":"https:\/\/gesundheitsberatung.com\/ernaehrung\/wp-content\/uploads\/sites\/3\/magazin-ernaehrung-slider.jpg","width":1450,"height":500,"caption":"Magazin Ern\u00e4hrung - Slider"},{"@type":"BreadcrumbList","@id":"https:\/\/gesundheitsberatung.com\/ernaehrung\/ernaehrung-magazin\/#breadcrumb","itemListElement":[{"@type":"ListItem","position":1,"name":"Home","item":"https:\/\/gesundheitsberatung.com\/ernaehrung\/"},{"@type":"ListItem","position":2,"name":"Ern\u00e4hrung-Magazin"}]},{"@type":"WebSite","@id":"https:\/\/gesundheitsberatung.com\/ernaehrung\/#website","url":"https:\/\/gesundheitsberatung.com\/ernaehrung\/","name":"Ern\u00e4hrung","description":"Ern\u00e4hrung \u260e Beratung durch Ern\u00e4hrungsberater! Jetzt Gratis-Beratung sichern: \u2714 \u00c4rzte \u2714 Heilpraktiker \u2714 Weight Coaches \u2714 Ern\u00e4hrungswissenschaftler \u2714 Di\u00e4tassistenten \u2714 Sportern\u00e4hrung bei Vistano Ern\u00e4hrung.","potentialAction":[{"@type":"SearchAction","target":{"@type":"EntryPoint","urlTemplate":"https:\/\/gesundheitsberatung.com\/ernaehrung\/?s={search_term_string}"},"query-input":{"@type":"PropertyValueSpecification","valueRequired":true,"valueName":"search_term_string"}}],"inLanguage":"de"}]}},"_links":{"self":[{"href":"https:\/\/gesundheitsberatung.com\/ernaehrung\/wp-json\/wp\/v2\/pages\/2088","targetHints":{"allow":["GET"]}}],"collection":[{"href":"https:\/\/gesundheitsberatung.com\/ernaehrung\/wp-json\/wp\/v2\/pages"}],"about":[{"href":"https:\/\/gesundheitsberatung.com\/ernaehrung\/wp-json\/wp\/v2\/types\/page"}],"author":[{"embeddable":true,"href":"https:\/\/gesundheitsberatung.com\/ernaehrung\/wp-json\/wp\/v2\/users\/3"}],"replies":[{"embeddable":true,"href":"https:\/\/gesundheitsberatung.com\/ernaehrung\/wp-json\/wp\/v2\/comments?post=2088"}],"version-history":[{"count":0,"href":"https:\/\/gesundheitsberatung.com\/ernaehrung\/wp-json\/wp\/v2\/pages\/2088\/revisions"}],"wp:featuredmedia":[{"embeddable":true,"href":"https:\/\/gesundheitsberatung.com\/ernaehrung\/wp-json\/wp\/v2\/media\/17221"}],"wp:attachment":[{"href":"https:\/\/gesundheitsberatung.com\/ernaehrung\/wp-json\/wp\/v2\/media?parent=2088"}],"curies":[{"name":"wp","href":"https:\/\/api.w.org\/{rel}","templated":true}]}}